{"id":2949,"date":"2024-12-17T12:52:38","date_gmt":"2024-12-17T12:52:38","guid":{"rendered":"https:\/\/bendicionyesperanza.es\/?page_id=2949"},"modified":"2025-04-11T11:04:50","modified_gmt":"2025-04-11T11:04:50","slug":"noticias","status":"publish","type":"page","link":"https:\/\/bendicionyesperanza.es\/?page_id=2949","title":{"rendered":"Noticias"},"content":{"rendered":"\t\t<div data-elementor-type=\"wp-page\" data-elementor-id=\"2949\" class=\"elementor elementor-2949\" data-elementor-post-type=\"page\">\n\t\t\t\t\t\t<section class=\"elementor-section elementor-top-section elementor-element elementor-element-533cd01 elementor-section-boxed elementor-section-height-default elementor-section-height-default\" data-id=\"533cd01\" data-element_type=\"section\" data-e-type=\"section\" data-settings=\"{&quot;background_background&quot;:&quot;classic&quot;}\">\n\t\t\t\t\t\t\t<div class=\"elementor-background-overlay\"><\/div>\n\t\t\t\t\t\t\t<div class=\"elementor-container elementor-column-gap-no\">\n\t\t\t\t\t<div class=\"elementor-column elementor-col-100 elementor-top-column elementor-element elementor-element-9662f5a\" data-id=\"9662f5a\" data-element_type=\"column\" data-e-type=\"column\">\n\t\t\t<div class=\"elementor-widget-wrap elementor-element-populated\">\n\t\t\t\t\t\t<div class=\"elementor-element elementor-element-63aa214 elementor-widget__width-initial elementor-invisible elementor-widget elementor-widget-heading\" data-id=\"63aa214\" data-element_type=\"widget\" data-e-type=\"widget\" data-settings=\"{&quot;_animation&quot;:&quot;fadeInDown&quot;}\" data-widget_type=\"heading.default\">\n\t\t\t\t\t<h2 class=\"elementor-heading-title elementor-size-default\">Noticias Destacadas<\/h2>\t\t\t\t<\/div>\n\t\t\t\t\t<\/div>\n\t\t<\/div>\n\t\t\t\t\t<\/div>\n\t\t<\/section>\n\t\t<div class=\"elementor-element elementor-element-1a1bf0e e-flex e-con-boxed e-con e-parent\" data-id=\"1a1bf0e\" data-element_type=\"container\" data-e-type=\"container\">\n\t\t\t\t\t<div class=\"e-con-inner\">\n\t\t\t\t<div class=\"elementor-element elementor-element-2d1e359 elementor-widget elementor-widget-spacer\" data-id=\"2d1e359\" data-element_type=\"widget\" data-e-type=\"widget\" data-widget_type=\"spacer.default\">\n\t\t\t\t\t\t\t<div class=\"elementor-spacer\">\n\t\t\t<div class=\"elementor-spacer-inner\"><\/div>\n\t\t<\/div>\n\t\t\t\t\t\t<\/div>\n\t\t\t\t\t<\/div>\n\t\t\t\t<\/div>\n\t\t<div class=\"elementor-element elementor-element-704feb6 e-flex e-con-boxed e-con e-parent\" data-id=\"704feb6\" data-element_type=\"container\" data-e-type=\"container\">\n\t\t\t\t\t<div class=\"e-con-inner\">\n\t\t\t\t<div class=\"elementor-element elementor-element-1a09d90 elementor-posts--align-left elementor-grid-3 elementor-grid-tablet-2 elementor-grid-mobile-1 elementor-posts--thumbnail-top elementor-card-shadow-yes elementor-posts__hover-gradient elementor-invisible elementor-widget elementor-widget-posts\" data-id=\"1a09d90\" data-element_type=\"widget\" data-e-type=\"widget\" data-settings=\"{&quot;_animation&quot;:&quot;fadeInUp&quot;,&quot;cards_columns&quot;:&quot;3&quot;,&quot;cards_columns_tablet&quot;:&quot;2&quot;,&quot;cards_columns_mobile&quot;:&quot;1&quot;,&quot;cards_row_gap&quot;:{&quot;unit&quot;:&quot;px&quot;,&quot;size&quot;:35,&quot;sizes&quot;:[]},&quot;cards_row_gap_tablet&quot;:{&quot;unit&quot;:&quot;px&quot;,&quot;size&quot;:&quot;&quot;,&quot;sizes&quot;:[]},&quot;cards_row_gap_mobile&quot;:{&quot;unit&quot;:&quot;px&quot;,&quot;size&quot;:&quot;&quot;,&quot;sizes&quot;:[]}}\" data-widget_type=\"posts.cards\">\n\t\t\t\t<div class=\"elementor-widget-container\">\n\t\t\t\t\t\t\t<div class=\"elementor-posts-container elementor-posts elementor-posts--skin-cards elementor-grid\">\n\t\t\t\t<article class=\"elementor-post elementor-grid-item post-3499 post type-post status-publish format-standard has-post-thumbnail hentry category-uncategorized\">\n\t\t\t<div class=\"elementor-post__card\">\n\t\t\t\t<a class=\"elementor-post__thumbnail__link\" href=\"https:\/\/bendicionyesperanza.es\/?p=3499\" tabindex=\"-1\" ><div class=\"elementor-post__thumbnail\"><img fetchpriority=\"high\" decoding=\"async\" width=\"2048\" height=\"1536\" src=\"https:\/\/bendicionyesperanza.es\/wp-content\/uploads\/2026\/03\/ByE26.jpg\" class=\"attachment-2048x2048 size-2048x2048 wp-image-3500\" alt=\"\" srcset=\"https:\/\/bendicionyesperanza.es\/wp-content\/uploads\/2026\/03\/ByE26.jpg 2048w, https:\/\/bendicionyesperanza.es\/wp-content\/uploads\/2026\/03\/ByE26-300x225.jpg 300w, https:\/\/bendicionyesperanza.es\/wp-content\/uploads\/2026\/03\/ByE26-1024x768.jpg 1024w, https:\/\/bendicionyesperanza.es\/wp-content\/uploads\/2026\/03\/ByE26-768x576.jpg 768w, https:\/\/bendicionyesperanza.es\/wp-content\/uploads\/2026\/03\/ByE26-1536x1152.jpg 1536w\" sizes=\"(max-width: 2048px) 100vw, 2048px\" \/><\/div><\/a>\n\t\t\t\t<div class=\"elementor-post__text\">\n\t\t\t\t<h3 class=\"elementor-post__title\">\n\t\t\t<a href=\"https:\/\/bendicionyesperanza.es\/?p=3499\" >\n\t\t\t\tFicha Cofrad\u00eda Viernes de Dolores 2026\t\t\t<\/a>\n\t\t<\/h3>\n\t\t\t\t<\/div>\n\t\t\t\t<div class=\"elementor-post__meta-data\">\n\t\t\t\t\t<span class=\"elementor-post-date\">\n\t\t\tmarzo 26, 2026\t\t<\/span>\n\t\t\t\t<\/div>\n\t\t\t\t\t<\/div>\n\t\t<\/article>\n\t\t\t\t<article class=\"elementor-post elementor-grid-item post-3492 post type-post status-publish format-standard has-post-thumbnail hentry category-uncategorized\">\n\t\t\t<div class=\"elementor-post__card\">\n\t\t\t\t<a class=\"elementor-post__thumbnail__link\" href=\"https:\/\/bendicionyesperanza.es\/?p=3492\" tabindex=\"-1\" ><div class=\"elementor-post__thumbnail\"><img decoding=\"async\" width=\"1536\" height=\"2048\" src=\"https:\/\/bendicionyesperanza.es\/wp-content\/uploads\/2026\/03\/T0.jpg\" class=\"attachment-2048x2048 size-2048x2048 wp-image-3493\" alt=\"\" srcset=\"https:\/\/bendicionyesperanza.es\/wp-content\/uploads\/2026\/03\/T0.jpg 1536w, https:\/\/bendicionyesperanza.es\/wp-content\/uploads\/2026\/03\/T0-225x300.jpg 225w, https:\/\/bendicionyesperanza.es\/wp-content\/uploads\/2026\/03\/T0-768x1024.jpg 768w, https:\/\/bendicionyesperanza.es\/wp-content\/uploads\/2026\/03\/T0-1152x1536.jpg 1152w\" sizes=\"(max-width: 1536px) 100vw, 1536px\" \/><\/div><\/a>\n\t\t\t\t<div class=\"elementor-post__text\">\n\t\t\t\t<h3 class=\"elementor-post__title\">\n\t\t\t<a href=\"https:\/\/bendicionyesperanza.es\/?p=3492\" >\n\t\t\t\tT\u00fanica y faj\u00edn donados\t\t\t<\/a>\n\t\t<\/h3>\n\t\t\t\t<\/div>\n\t\t\t\t<div class=\"elementor-post__meta-data\">\n\t\t\t\t\t<span class=\"elementor-post-date\">\n\t\t\tmarzo 21, 2026\t\t<\/span>\n\t\t\t\t<\/div>\n\t\t\t\t\t<\/div>\n\t\t<\/article>\n\t\t\t\t<article class=\"elementor-post elementor-grid-item post-3482 post type-post status-publish format-standard has-post-thumbnail hentry category-uncategorized\">\n\t\t\t<div class=\"elementor-post__card\">\n\t\t\t\t<a class=\"elementor-post__thumbnail__link\" href=\"https:\/\/bendicionyesperanza.es\/?p=3482\" tabindex=\"-1\" ><div class=\"elementor-post__thumbnail\"><img decoding=\"async\" width=\"1600\" height=\"1200\" src=\"https:\/\/bendicionyesperanza.es\/wp-content\/uploads\/2026\/03\/5.jpg\" class=\"attachment-2048x2048 size-2048x2048 wp-image-3483\" alt=\"\" srcset=\"https:\/\/bendicionyesperanza.es\/wp-content\/uploads\/2026\/03\/5.jpg 1600w, https:\/\/bendicionyesperanza.es\/wp-content\/uploads\/2026\/03\/5-300x225.jpg 300w, https:\/\/bendicionyesperanza.es\/wp-content\/uploads\/2026\/03\/5-1024x768.jpg 1024w, https:\/\/bendicionyesperanza.es\/wp-content\/uploads\/2026\/03\/5-768x576.jpg 768w, https:\/\/bendicionyesperanza.es\/wp-content\/uploads\/2026\/03\/5-1536x1152.jpg 1536w\" sizes=\"(max-width: 1600px) 100vw, 1600px\" \/><\/div><\/a>\n\t\t\t\t<div class=\"elementor-post__text\">\n\t\t\t\t<h3 class=\"elementor-post__title\">\n\t\t\t<a href=\"https:\/\/bendicionyesperanza.es\/?p=3482\" >\n\t\t\t\tV\u00eda Crucis presidido por Nuestro Padre Jes\u00fas de la Bendici\u00f3n en el Santo Encuentro\t\t\t<\/a>\n\t\t<\/h3>\n\t\t\t\t<\/div>\n\t\t\t\t<div class=\"elementor-post__meta-data\">\n\t\t\t\t\t<span class=\"elementor-post-date\">\n\t\t\tmarzo 20, 2026\t\t<\/span>\n\t\t\t\t<\/div>\n\t\t\t\t\t<\/div>\n\t\t<\/article>\n\t\t\t\t<article class=\"elementor-post elementor-grid-item post-3466 post type-post status-publish format-standard has-post-thumbnail hentry category-uncategorized\">\n\t\t\t<div class=\"elementor-post__card\">\n\t\t\t\t<a class=\"elementor-post__thumbnail__link\" href=\"https:\/\/bendicionyesperanza.es\/?p=3466\" tabindex=\"-1\" ><div class=\"elementor-post__thumbnail\"><img loading=\"lazy\" decoding=\"async\" width=\"1496\" height=\"1122\" src=\"https:\/\/bendicionyesperanza.es\/wp-content\/uploads\/2026\/03\/S0.jpg\" class=\"attachment-2048x2048 size-2048x2048 wp-image-3467\" alt=\"\" srcset=\"https:\/\/bendicionyesperanza.es\/wp-content\/uploads\/2026\/03\/S0.jpg 1496w, https:\/\/bendicionyesperanza.es\/wp-content\/uploads\/2026\/03\/S0-300x225.jpg 300w, https:\/\/bendicionyesperanza.es\/wp-content\/uploads\/2026\/03\/S0-1024x768.jpg 1024w, https:\/\/bendicionyesperanza.es\/wp-content\/uploads\/2026\/03\/S0-768x576.jpg 768w\" sizes=\"(max-width: 1496px) 100vw, 1496px\" \/><\/div><\/a>\n\t\t\t\t<div class=\"elementor-post__text\">\n\t\t\t\t<h3 class=\"elementor-post__title\">\n\t\t\t<a href=\"https:\/\/bendicionyesperanza.es\/?p=3466\" >\n\t\t\t\tAgradecimientos Solemne Triduo y Funci\u00f3n Principal\t\t\t<\/a>\n\t\t<\/h3>\n\t\t\t\t<\/div>\n\t\t\t\t<div class=\"elementor-post__meta-data\">\n\t\t\t\t\t<span class=\"elementor-post-date\">\n\t\t\tmarzo 20, 2026\t\t<\/span>\n\t\t\t\t<\/div>\n\t\t\t\t\t<\/div>\n\t\t<\/article>\n\t\t\t\t<article class=\"elementor-post elementor-grid-item post-3462 post type-post status-publish format-standard has-post-thumbnail hentry category-uncategorized\">\n\t\t\t<div class=\"elementor-post__card\">\n\t\t\t\t<a class=\"elementor-post__thumbnail__link\" href=\"https:\/\/bendicionyesperanza.es\/?p=3462\" tabindex=\"-1\" ><div class=\"elementor-post__thumbnail\"><img loading=\"lazy\" decoding=\"async\" width=\"1134\" height=\"1600\" src=\"https:\/\/bendicionyesperanza.es\/wp-content\/uploads\/2026\/03\/Orla-Culto-Ntro.-Padre-Jesus-de-la-Bendicion-en-el-Santo-Encuentro.jpg\" class=\"attachment-2048x2048 size-2048x2048 wp-image-3463\" alt=\"\" srcset=\"https:\/\/bendicionyesperanza.es\/wp-content\/uploads\/2026\/03\/Orla-Culto-Ntro.-Padre-Jesus-de-la-Bendicion-en-el-Santo-Encuentro.jpg 1134w, https:\/\/bendicionyesperanza.es\/wp-content\/uploads\/2026\/03\/Orla-Culto-Ntro.-Padre-Jesus-de-la-Bendicion-en-el-Santo-Encuentro-213x300.jpg 213w, https:\/\/bendicionyesperanza.es\/wp-content\/uploads\/2026\/03\/Orla-Culto-Ntro.-Padre-Jesus-de-la-Bendicion-en-el-Santo-Encuentro-726x1024.jpg 726w, https:\/\/bendicionyesperanza.es\/wp-content\/uploads\/2026\/03\/Orla-Culto-Ntro.-Padre-Jesus-de-la-Bendicion-en-el-Santo-Encuentro-768x1084.jpg 768w, https:\/\/bendicionyesperanza.es\/wp-content\/uploads\/2026\/03\/Orla-Culto-Ntro.-Padre-Jesus-de-la-Bendicion-en-el-Santo-Encuentro-1089x1536.jpg 1089w\" sizes=\"(max-width: 1134px) 100vw, 1134px\" \/><\/div><\/a>\n\t\t\t\t<div class=\"elementor-post__text\">\n\t\t\t\t<h3 class=\"elementor-post__title\">\n\t\t\t<a href=\"https:\/\/bendicionyesperanza.es\/?p=3462\" >\n\t\t\t\tSolemne Triduo y Devoto Besapi\u00e9s en honor a Nuestro Padre Jes\u00fas de la Bendici\u00f3n en el Santo Encuentro\t\t\t<\/a>\n\t\t<\/h3>\n\t\t\t\t<\/div>\n\t\t\t\t<div class=\"elementor-post__meta-data\">\n\t\t\t\t\t<span class=\"elementor-post-date\">\n\t\t\tmarzo 8, 2026\t\t<\/span>\n\t\t\t\t<\/div>\n\t\t\t\t\t<\/div>\n\t\t<\/article>\n\t\t\t\t<article class=\"elementor-post elementor-grid-item post-3449 post type-post status-publish format-standard has-post-thumbnail hentry category-uncategorized\">\n\t\t\t<div class=\"elementor-post__card\">\n\t\t\t\t<a class=\"elementor-post__thumbnail__link\" href=\"https:\/\/bendicionyesperanza.es\/?p=3449\" tabindex=\"-1\" ><div class=\"elementor-post__thumbnail\"><img loading=\"lazy\" decoding=\"async\" width=\"1200\" height=\"1600\" src=\"https:\/\/bendicionyesperanza.es\/wp-content\/uploads\/2026\/02\/0.jpg\" class=\"attachment-2048x2048 size-2048x2048 wp-image-3451\" alt=\"\" srcset=\"https:\/\/bendicionyesperanza.es\/wp-content\/uploads\/2026\/02\/0.jpg 1200w, https:\/\/bendicionyesperanza.es\/wp-content\/uploads\/2026\/02\/0-225x300.jpg 225w, https:\/\/bendicionyesperanza.es\/wp-content\/uploads\/2026\/02\/0-768x1024.jpg 768w, https:\/\/bendicionyesperanza.es\/wp-content\/uploads\/2026\/02\/0-1152x1536.jpg 1152w\" sizes=\"(max-width: 1200px) 100vw, 1200px\" \/><\/div><\/a>\n\t\t\t\t<div class=\"elementor-post__text\">\n\t\t\t\t<h3 class=\"elementor-post__title\">\n\t\t\t<a href=\"https:\/\/bendicionyesperanza.es\/?p=3449\" >\n\t\t\t\tLa Hermandad de la Macarena dona la parihuela de ensayos del Se\u00f1or de la Sentencia a nuestra Hermandad\t\t\t<\/a>\n\t\t<\/h3>\n\t\t\t\t<\/div>\n\t\t\t\t<div class=\"elementor-post__meta-data\">\n\t\t\t\t\t<span class=\"elementor-post-date\">\n\t\t\tfebrero 3, 2026\t\t<\/span>\n\t\t\t\t<\/div>\n\t\t\t\t\t<\/div>\n\t\t<\/article>\n\t\t\t\t<article class=\"elementor-post elementor-grid-item post-3445 post type-post status-publish format-standard has-post-thumbnail hentry category-uncategorized\">\n\t\t\t<div class=\"elementor-post__card\">\n\t\t\t\t<a class=\"elementor-post__thumbnail__link\" href=\"https:\/\/bendicionyesperanza.es\/?p=3445\" tabindex=\"-1\" ><div class=\"elementor-post__thumbnail\"><img loading=\"lazy\" decoding=\"async\" width=\"940\" height=\"788\" src=\"https:\/\/bendicionyesperanza.es\/wp-content\/uploads\/2026\/02\/Suspension-Certamen.jpg\" class=\"attachment-2048x2048 size-2048x2048 wp-image-3446\" alt=\"\" srcset=\"https:\/\/bendicionyesperanza.es\/wp-content\/uploads\/2026\/02\/Suspension-Certamen.jpg 940w, https:\/\/bendicionyesperanza.es\/wp-content\/uploads\/2026\/02\/Suspension-Certamen-300x251.jpg 300w, https:\/\/bendicionyesperanza.es\/wp-content\/uploads\/2026\/02\/Suspension-Certamen-768x644.jpg 768w\" sizes=\"(max-width: 940px) 100vw, 940px\" \/><\/div><\/a>\n\t\t\t\t<div class=\"elementor-post__text\">\n\t\t\t\t<h3 class=\"elementor-post__title\">\n\t\t\t<a href=\"https:\/\/bendicionyesperanza.es\/?p=3445\" >\n\t\t\t\tSuspensi\u00f3n Certamen de Marchas Procesionales \u201cBendici\u00f3n, Trinidad y Esperanza\u201d\t\t\t<\/a>\n\t\t<\/h3>\n\t\t\t\t<\/div>\n\t\t\t\t<div class=\"elementor-post__meta-data\">\n\t\t\t\t\t<span class=\"elementor-post-date\">\n\t\t\tfebrero 2, 2026\t\t<\/span>\n\t\t\t\t<\/div>\n\t\t\t\t\t<\/div>\n\t\t<\/article>\n\t\t\t\t<article class=\"elementor-post elementor-grid-item post-3438 post type-post status-publish format-standard has-post-thumbnail hentry category-uncategorized\">\n\t\t\t<div class=\"elementor-post__card\">\n\t\t\t\t<a class=\"elementor-post__thumbnail__link\" href=\"https:\/\/bendicionyesperanza.es\/?p=3438\" tabindex=\"-1\" ><div class=\"elementor-post__thumbnail\"><img loading=\"lazy\" decoding=\"async\" width=\"1241\" height=\"1755\" src=\"https:\/\/bendicionyesperanza.es\/wp-content\/uploads\/2026\/01\/Convocatoria-Cabildo-de-Hermanos-2026_page-0001.jpg\" class=\"attachment-2048x2048 size-2048x2048 wp-image-3439\" alt=\"\" srcset=\"https:\/\/bendicionyesperanza.es\/wp-content\/uploads\/2026\/01\/Convocatoria-Cabildo-de-Hermanos-2026_page-0001.jpg 1241w, https:\/\/bendicionyesperanza.es\/wp-content\/uploads\/2026\/01\/Convocatoria-Cabildo-de-Hermanos-2026_page-0001-212x300.jpg 212w, https:\/\/bendicionyesperanza.es\/wp-content\/uploads\/2026\/01\/Convocatoria-Cabildo-de-Hermanos-2026_page-0001-724x1024.jpg 724w, https:\/\/bendicionyesperanza.es\/wp-content\/uploads\/2026\/01\/Convocatoria-Cabildo-de-Hermanos-2026_page-0001-768x1086.jpg 768w, https:\/\/bendicionyesperanza.es\/wp-content\/uploads\/2026\/01\/Convocatoria-Cabildo-de-Hermanos-2026_page-0001-1086x1536.jpg 1086w\" sizes=\"(max-width: 1241px) 100vw, 1241px\" \/><\/div><\/a>\n\t\t\t\t<div class=\"elementor-post__text\">\n\t\t\t\t<h3 class=\"elementor-post__title\">\n\t\t\t<a href=\"https:\/\/bendicionyesperanza.es\/?p=3438\" >\n\t\t\t\tConvocatoria Cabildo General de Hermanos\t\t\t<\/a>\n\t\t<\/h3>\n\t\t\t\t<\/div>\n\t\t\t\t<div class=\"elementor-post__meta-data\">\n\t\t\t\t\t<span class=\"elementor-post-date\">\n\t\t\tenero 18, 2026\t\t<\/span>\n\t\t\t\t<\/div>\n\t\t\t\t\t<\/div>\n\t\t<\/article>\n\t\t\t\t<article class=\"elementor-post elementor-grid-item post-3429 post type-post status-publish format-standard has-post-thumbnail hentry category-uncategorized\">\n\t\t\t<div class=\"elementor-post__card\">\n\t\t\t\t<a class=\"elementor-post__thumbnail__link\" href=\"https:\/\/bendicionyesperanza.es\/?p=3429\" tabindex=\"-1\" ><div class=\"elementor-post__thumbnail\"><img loading=\"lazy\" decoding=\"async\" width=\"2048\" height=\"1153\" src=\"https:\/\/bendicionyesperanza.es\/wp-content\/uploads\/2026\/01\/20250411_180143-2048x1153.jpg\" class=\"attachment-2048x2048 size-2048x2048 wp-image-3430\" alt=\"\" srcset=\"https:\/\/bendicionyesperanza.es\/wp-content\/uploads\/2026\/01\/20250411_180143-2048x1153.jpg 2048w, https:\/\/bendicionyesperanza.es\/wp-content\/uploads\/2026\/01\/20250411_180143-300x169.jpg 300w, https:\/\/bendicionyesperanza.es\/wp-content\/uploads\/2026\/01\/20250411_180143-1024x577.jpg 1024w, https:\/\/bendicionyesperanza.es\/wp-content\/uploads\/2026\/01\/20250411_180143-768x432.jpg 768w, https:\/\/bendicionyesperanza.es\/wp-content\/uploads\/2026\/01\/20250411_180143-1536x865.jpg 1536w\" sizes=\"(max-width: 2048px) 100vw, 2048px\" \/><\/div><\/a>\n\t\t\t\t<div class=\"elementor-post__text\">\n\t\t\t\t<h3 class=\"elementor-post__title\">\n\t\t\t<a href=\"https:\/\/bendicionyesperanza.es\/?p=3429\" >\n\t\t\t\tAbierto el plazo para adquirir la t\u00fanica de nazareno y monaguillo\t\t\t<\/a>\n\t\t<\/h3>\n\t\t\t\t<\/div>\n\t\t\t\t<div class=\"elementor-post__meta-data\">\n\t\t\t\t\t<span class=\"elementor-post-date\">\n\t\t\tenero 13, 2026\t\t<\/span>\n\t\t\t\t<\/div>\n\t\t\t\t\t<\/div>\n\t\t<\/article>\n\t\t\t\t<article class=\"elementor-post elementor-grid-item post-3420 post type-post status-publish format-standard has-post-thumbnail hentry category-uncategorized\">\n\t\t\t<div class=\"elementor-post__card\">\n\t\t\t\t<a class=\"elementor-post__thumbnail__link\" href=\"https:\/\/bendicionyesperanza.es\/?p=3420\" tabindex=\"-1\" ><div class=\"elementor-post__thumbnail\"><img loading=\"lazy\" decoding=\"async\" width=\"509\" height=\"720\" src=\"https:\/\/bendicionyesperanza.es\/wp-content\/uploads\/2025\/12\/Felicitacion-de-Navidad-2025-ByE.jpg\" class=\"attachment-2048x2048 size-2048x2048 wp-image-3421\" alt=\"\" srcset=\"https:\/\/bendicionyesperanza.es\/wp-content\/uploads\/2025\/12\/Felicitacion-de-Navidad-2025-ByE.jpg 509w, https:\/\/bendicionyesperanza.es\/wp-content\/uploads\/2025\/12\/Felicitacion-de-Navidad-2025-ByE-212x300.jpg 212w\" sizes=\"(max-width: 509px) 100vw, 509px\" \/><\/div><\/a>\n\t\t\t\t<div class=\"elementor-post__text\">\n\t\t\t\t<h3 class=\"elementor-post__title\">\n\t\t\t<a href=\"https:\/\/bendicionyesperanza.es\/?p=3420\" >\n\t\t\t\tFelicitaci\u00f3n de Navidad 2025\t\t\t<\/a>\n\t\t<\/h3>\n\t\t\t\t<\/div>\n\t\t\t\t<div class=\"elementor-post__meta-data\">\n\t\t\t\t\t<span class=\"elementor-post-date\">\n\t\t\tdiciembre 23, 2025\t\t<\/span>\n\t\t\t\t<\/div>\n\t\t\t\t\t<\/div>\n\t\t<\/article>\n\t\t\t\t<article class=\"elementor-post elementor-grid-item post-3413 post type-post status-publish format-standard has-post-thumbnail hentry category-uncategorized\">\n\t\t\t<div class=\"elementor-post__card\">\n\t\t\t\t<a class=\"elementor-post__thumbnail__link\" href=\"https:\/\/bendicionyesperanza.es\/?p=3413\" tabindex=\"-1\" ><div class=\"elementor-post__thumbnail\"><img loading=\"lazy\" decoding=\"async\" width=\"2000\" height=\"1500\" src=\"https:\/\/bendicionyesperanza.es\/wp-content\/uploads\/2025\/12\/Renovacion.jpg\" class=\"attachment-2048x2048 size-2048x2048 wp-image-3414\" alt=\"\" srcset=\"https:\/\/bendicionyesperanza.es\/wp-content\/uploads\/2025\/12\/Renovacion.jpg 2000w, https:\/\/bendicionyesperanza.es\/wp-content\/uploads\/2025\/12\/Renovacion-300x225.jpg 300w, https:\/\/bendicionyesperanza.es\/wp-content\/uploads\/2025\/12\/Renovacion-1024x768.jpg 1024w, https:\/\/bendicionyesperanza.es\/wp-content\/uploads\/2025\/12\/Renovacion-768x576.jpg 768w, https:\/\/bendicionyesperanza.es\/wp-content\/uploads\/2025\/12\/Renovacion-1536x1152.jpg 1536w\" sizes=\"(max-width: 2000px) 100vw, 2000px\" \/><\/div><\/a>\n\t\t\t\t<div class=\"elementor-post__text\">\n\t\t\t\t<h3 class=\"elementor-post__title\">\n\t\t\t<a href=\"https:\/\/bendicionyesperanza.es\/?p=3413\" >\n\t\t\t\tRenovaci\u00f3n acompa\u00f1amiento musical Viernes de Dolores 2026\t\t\t<\/a>\n\t\t<\/h3>\n\t\t\t\t<\/div>\n\t\t\t\t<div class=\"elementor-post__meta-data\">\n\t\t\t\t\t<span class=\"elementor-post-date\">\n\t\t\tdiciembre 19, 2025\t\t<\/span>\n\t\t\t\t<\/div>\n\t\t\t\t\t<\/div>\n\t\t<\/article>\n\t\t\t\t<article class=\"elementor-post elementor-grid-item post-3409 post type-post status-publish format-standard has-post-thumbnail hentry category-uncategorized\">\n\t\t\t<div class=\"elementor-post__card\">\n\t\t\t\t<a class=\"elementor-post__thumbnail__link\" href=\"https:\/\/bendicionyesperanza.es\/?p=3409\" tabindex=\"-1\" ><div class=\"elementor-post__thumbnail\"><img loading=\"lazy\" decoding=\"async\" width=\"1134\" height=\"1600\" src=\"https:\/\/bendicionyesperanza.es\/wp-content\/uploads\/2025\/12\/Solemne-Triudo-Santa-Maria-de-la-Esperanza-2025.jpg\" class=\"attachment-2048x2048 size-2048x2048 wp-image-3410\" alt=\"\" srcset=\"https:\/\/bendicionyesperanza.es\/wp-content\/uploads\/2025\/12\/Solemne-Triudo-Santa-Maria-de-la-Esperanza-2025.jpg 1134w, https:\/\/bendicionyesperanza.es\/wp-content\/uploads\/2025\/12\/Solemne-Triudo-Santa-Maria-de-la-Esperanza-2025-213x300.jpg 213w, https:\/\/bendicionyesperanza.es\/wp-content\/uploads\/2025\/12\/Solemne-Triudo-Santa-Maria-de-la-Esperanza-2025-726x1024.jpg 726w, https:\/\/bendicionyesperanza.es\/wp-content\/uploads\/2025\/12\/Solemne-Triudo-Santa-Maria-de-la-Esperanza-2025-768x1084.jpg 768w, https:\/\/bendicionyesperanza.es\/wp-content\/uploads\/2025\/12\/Solemne-Triudo-Santa-Maria-de-la-Esperanza-2025-1089x1536.jpg 1089w\" sizes=\"(max-width: 1134px) 100vw, 1134px\" \/><\/div><\/a>\n\t\t\t\t<div class=\"elementor-post__text\">\n\t\t\t\t<h3 class=\"elementor-post__title\">\n\t\t\t<a href=\"https:\/\/bendicionyesperanza.es\/?p=3409\" >\n\t\t\t\tSolemne Triduo y Besamanos en honor a Santa Mar\u00eda de la Esperanza en su Soledad\t\t\t<\/a>\n\t\t<\/h3>\n\t\t\t\t<\/div>\n\t\t\t\t<div class=\"elementor-post__meta-data\">\n\t\t\t\t\t<span class=\"elementor-post-date\">\n\t\t\tdiciembre 13, 2025\t\t<\/span>\n\t\t\t\t<\/div>\n\t\t\t\t\t<\/div>\n\t\t<\/article>\n\t\t\t\t<article class=\"elementor-post elementor-grid-item post-3405 post type-post status-publish format-standard has-post-thumbnail hentry category-uncategorized\">\n\t\t\t<div class=\"elementor-post__card\">\n\t\t\t\t<a class=\"elementor-post__thumbnail__link\" href=\"https:\/\/bendicionyesperanza.es\/?p=3405\" tabindex=\"-1\" ><div class=\"elementor-post__thumbnail\"><img loading=\"lazy\" decoding=\"async\" width=\"1040\" height=\"584\" src=\"https:\/\/bendicionyesperanza.es\/wp-content\/uploads\/2025\/12\/Besamanos.jpg\" class=\"attachment-2048x2048 size-2048x2048 wp-image-3406\" alt=\"\" srcset=\"https:\/\/bendicionyesperanza.es\/wp-content\/uploads\/2025\/12\/Besamanos.jpg 1040w, https:\/\/bendicionyesperanza.es\/wp-content\/uploads\/2025\/12\/Besamanos-300x168.jpg 300w, https:\/\/bendicionyesperanza.es\/wp-content\/uploads\/2025\/12\/Besamanos-1024x575.jpg 1024w, https:\/\/bendicionyesperanza.es\/wp-content\/uploads\/2025\/12\/Besamanos-768x431.jpg 768w\" sizes=\"(max-width: 1040px) 100vw, 1040px\" \/><\/div><\/a>\n\t\t\t\t<div class=\"elementor-post__text\">\n\t\t\t\t<h3 class=\"elementor-post__title\">\n\t\t\t<a href=\"https:\/\/bendicionyesperanza.es\/?p=3405\" >\n\t\t\t\tSolicitud de turno para acompa\u00f1ar a Santa Mar\u00eda de la Esperanza en su Soledad en su Besamanos\t\t\t<\/a>\n\t\t<\/h3>\n\t\t\t\t<\/div>\n\t\t\t\t<div class=\"elementor-post__meta-data\">\n\t\t\t\t\t<span class=\"elementor-post-date\">\n\t\t\tdiciembre 9, 2025\t\t<\/span>\n\t\t\t\t<\/div>\n\t\t\t\t\t<\/div>\n\t\t<\/article>\n\t\t\t\t<article class=\"elementor-post elementor-grid-item post-3393 post type-post status-publish format-standard has-post-thumbnail hentry category-uncategorized\">\n\t\t\t<div class=\"elementor-post__card\">\n\t\t\t\t<a class=\"elementor-post__thumbnail__link\" href=\"https:\/\/bendicionyesperanza.es\/?p=3393\" tabindex=\"-1\" ><div class=\"elementor-post__thumbnail\"><img loading=\"lazy\" decoding=\"async\" width=\"320\" height=\"240\" src=\"https:\/\/bendicionyesperanza.es\/wp-content\/uploads\/2025\/11\/web-1.jpg\" class=\"attachment-2048x2048 size-2048x2048 wp-image-3394\" alt=\"\" srcset=\"https:\/\/bendicionyesperanza.es\/wp-content\/uploads\/2025\/11\/web-1.jpg 320w, https:\/\/bendicionyesperanza.es\/wp-content\/uploads\/2025\/11\/web-1-300x225.jpg 300w\" sizes=\"(max-width: 320px) 100vw, 320px\" \/><\/div><\/a>\n\t\t\t\t<div class=\"elementor-post__text\">\n\t\t\t\t<h3 class=\"elementor-post__title\">\n\t\t\t<a href=\"https:\/\/bendicionyesperanza.es\/?p=3393\" >\n\t\t\t\tGaler\u00eda de la igual\u00e1 de Bendici\u00f3n y Esperanza para Semana Santa 2026\t\t\t<\/a>\n\t\t<\/h3>\n\t\t\t\t<\/div>\n\t\t\t\t<div class=\"elementor-post__meta-data\">\n\t\t\t\t\t<span class=\"elementor-post-date\">\n\t\t\tnoviembre 26, 2025\t\t<\/span>\n\t\t\t\t<\/div>\n\t\t\t\t\t<\/div>\n\t\t<\/article>\n\t\t\t\t<article class=\"elementor-post elementor-grid-item post-3381 post type-post status-publish format-standard has-post-thumbnail hentry category-uncategorized\">\n\t\t\t<div class=\"elementor-post__card\">\n\t\t\t\t<a class=\"elementor-post__thumbnail__link\" href=\"https:\/\/bendicionyesperanza.es\/?p=3381\" tabindex=\"-1\" ><div class=\"elementor-post__thumbnail\"><img loading=\"lazy\" decoding=\"async\" width=\"1024\" height=\"768\" src=\"https:\/\/bendicionyesperanza.es\/wp-content\/uploads\/2025\/11\/Representaciones-Convivencia-Viernes-de-Dolores-y-Sabado-de-Pasion.jpg\" class=\"attachment-2048x2048 size-2048x2048 wp-image-3382\" alt=\"\" srcset=\"https:\/\/bendicionyesperanza.es\/wp-content\/uploads\/2025\/11\/Representaciones-Convivencia-Viernes-de-Dolores-y-Sabado-de-Pasion.jpg 1024w, https:\/\/bendicionyesperanza.es\/wp-content\/uploads\/2025\/11\/Representaciones-Convivencia-Viernes-de-Dolores-y-Sabado-de-Pasion-300x225.jpg 300w, https:\/\/bendicionyesperanza.es\/wp-content\/uploads\/2025\/11\/Representaciones-Convivencia-Viernes-de-Dolores-y-Sabado-de-Pasion-768x576.jpg 768w\" sizes=\"(max-width: 1024px) 100vw, 1024px\" \/><\/div><\/a>\n\t\t\t\t<div class=\"elementor-post__text\">\n\t\t\t\t<h3 class=\"elementor-post__title\">\n\t\t\t<a href=\"https:\/\/bendicionyesperanza.es\/?p=3381\" >\n\t\t\t\tCelebrada Convivencia de las Hermandades de Viernes de Dolores y S\u00e1bado de Pasi\u00f3n\t\t\t<\/a>\n\t\t<\/h3>\n\t\t\t\t<\/div>\n\t\t\t\t<div class=\"elementor-post__meta-data\">\n\t\t\t\t\t<span class=\"elementor-post-date\">\n\t\t\tnoviembre 21, 2025\t\t<\/span>\n\t\t\t\t<\/div>\n\t\t\t\t\t<\/div>\n\t\t<\/article>\n\t\t\t\t<article class=\"elementor-post elementor-grid-item post-3378 post type-post status-publish format-standard has-post-thumbnail hentry category-uncategorized\">\n\t\t\t<div class=\"elementor-post__card\">\n\t\t\t\t<a class=\"elementor-post__thumbnail__link\" href=\"https:\/\/bendicionyesperanza.es\/?p=3378\" tabindex=\"-1\" ><div class=\"elementor-post__thumbnail\"><img loading=\"lazy\" decoding=\"async\" width=\"2000\" height=\"1333\" src=\"https:\/\/bendicionyesperanza.es\/wp-content\/uploads\/2025\/11\/Cartel-Convivencia-Hermandades-Viernes-de-Dolores-y-Sabado-de-Pasion.jpg\" class=\"attachment-2048x2048 size-2048x2048 wp-image-3379\" alt=\"\" srcset=\"https:\/\/bendicionyesperanza.es\/wp-content\/uploads\/2025\/11\/Cartel-Convivencia-Hermandades-Viernes-de-Dolores-y-Sabado-de-Pasion.jpg 2000w, https:\/\/bendicionyesperanza.es\/wp-content\/uploads\/2025\/11\/Cartel-Convivencia-Hermandades-Viernes-de-Dolores-y-Sabado-de-Pasion-300x200.jpg 300w, https:\/\/bendicionyesperanza.es\/wp-content\/uploads\/2025\/11\/Cartel-Convivencia-Hermandades-Viernes-de-Dolores-y-Sabado-de-Pasion-1024x682.jpg 1024w, https:\/\/bendicionyesperanza.es\/wp-content\/uploads\/2025\/11\/Cartel-Convivencia-Hermandades-Viernes-de-Dolores-y-Sabado-de-Pasion-768x512.jpg 768w, https:\/\/bendicionyesperanza.es\/wp-content\/uploads\/2025\/11\/Cartel-Convivencia-Hermandades-Viernes-de-Dolores-y-Sabado-de-Pasion-1536x1024.jpg 1536w\" sizes=\"(max-width: 2000px) 100vw, 2000px\" \/><\/div><\/a>\n\t\t\t\t<div class=\"elementor-post__text\">\n\t\t\t\t<h3 class=\"elementor-post__title\">\n\t\t\t<a href=\"https:\/\/bendicionyesperanza.es\/?p=3378\" >\n\t\t\t\tConvivencia de las Hermandades de Viernes de Dolores y S\u00e1bado de Pasi\u00f3n\t\t\t<\/a>\n\t\t<\/h3>\n\t\t\t\t<\/div>\n\t\t\t\t<div class=\"elementor-post__meta-data\">\n\t\t\t\t\t<span class=\"elementor-post-date\">\n\t\t\tnoviembre 17, 2025\t\t<\/span>\n\t\t\t\t<\/div>\n\t\t\t\t\t<\/div>\n\t\t<\/article>\n\t\t\t\t<article class=\"elementor-post elementor-grid-item post-3374 post type-post status-publish format-standard has-post-thumbnail hentry category-uncategorized\">\n\t\t\t<div class=\"elementor-post__card\">\n\t\t\t\t<a class=\"elementor-post__thumbnail__link\" href=\"https:\/\/bendicionyesperanza.es\/?p=3374\" tabindex=\"-1\" ><div class=\"elementor-post__thumbnail\"><img loading=\"lazy\" decoding=\"async\" width=\"1414\" height=\"2000\" src=\"https:\/\/bendicionyesperanza.es\/wp-content\/uploads\/2025\/11\/Informacion-Beduinos-2025.jpg\" class=\"attachment-2048x2048 size-2048x2048 wp-image-3375\" alt=\"\" srcset=\"https:\/\/bendicionyesperanza.es\/wp-content\/uploads\/2025\/11\/Informacion-Beduinos-2025.jpg 1414w, https:\/\/bendicionyesperanza.es\/wp-content\/uploads\/2025\/11\/Informacion-Beduinos-2025-212x300.jpg 212w, https:\/\/bendicionyesperanza.es\/wp-content\/uploads\/2025\/11\/Informacion-Beduinos-2025-724x1024.jpg 724w, https:\/\/bendicionyesperanza.es\/wp-content\/uploads\/2025\/11\/Informacion-Beduinos-2025-768x1086.jpg 768w, https:\/\/bendicionyesperanza.es\/wp-content\/uploads\/2025\/11\/Informacion-Beduinos-2025-1086x1536.jpg 1086w\" sizes=\"(max-width: 1414px) 100vw, 1414px\" \/><\/div><\/a>\n\t\t\t\t<div class=\"elementor-post__text\">\n\t\t\t\t<h3 class=\"elementor-post__title\">\n\t\t\t<a href=\"https:\/\/bendicionyesperanza.es\/?p=3374\" >\n\t\t\t\tInformaci\u00f3n Beduinos 2025\t\t\t<\/a>\n\t\t<\/h3>\n\t\t\t\t<\/div>\n\t\t\t\t<div class=\"elementor-post__meta-data\">\n\t\t\t\t\t<span class=\"elementor-post-date\">\n\t\t\tnoviembre 1, 2025\t\t<\/span>\n\t\t\t\t<\/div>\n\t\t\t\t\t<\/div>\n\t\t<\/article>\n\t\t\t\t<article class=\"elementor-post elementor-grid-item post-3364 post type-post status-publish format-standard has-post-thumbnail hentry category-uncategorized\">\n\t\t\t<div class=\"elementor-post__card\">\n\t\t\t\t<a class=\"elementor-post__thumbnail__link\" href=\"https:\/\/bendicionyesperanza.es\/?p=3364\" tabindex=\"-1\" ><div class=\"elementor-post__thumbnail\"><img loading=\"lazy\" decoding=\"async\" width=\"1076\" height=\"1434\" src=\"https:\/\/bendicionyesperanza.es\/wp-content\/uploads\/2025\/10\/Asignacion-Cartero-Real-Bendicion-y-Esperanza-2025.jpg\" class=\"attachment-2048x2048 size-2048x2048 wp-image-3365\" alt=\"\" srcset=\"https:\/\/bendicionyesperanza.es\/wp-content\/uploads\/2025\/10\/Asignacion-Cartero-Real-Bendicion-y-Esperanza-2025.jpg 1076w, https:\/\/bendicionyesperanza.es\/wp-content\/uploads\/2025\/10\/Asignacion-Cartero-Real-Bendicion-y-Esperanza-2025-225x300.jpg 225w, https:\/\/bendicionyesperanza.es\/wp-content\/uploads\/2025\/10\/Asignacion-Cartero-Real-Bendicion-y-Esperanza-2025-768x1024.jpg 768w\" sizes=\"(max-width: 1076px) 100vw, 1076px\" \/><\/div><\/a>\n\t\t\t\t<div class=\"elementor-post__text\">\n\t\t\t\t<h3 class=\"elementor-post__title\">\n\t\t\t<a href=\"https:\/\/bendicionyesperanza.es\/?p=3364\" >\n\t\t\t\tAsignaci\u00f3n Cartero Real 2025\t\t\t<\/a>\n\t\t<\/h3>\n\t\t\t\t<\/div>\n\t\t\t\t<div class=\"elementor-post__meta-data\">\n\t\t\t\t\t<span class=\"elementor-post-date\">\n\t\t\toctubre 29, 2025\t\t<\/span>\n\t\t\t\t<\/div>\n\t\t\t\t\t<\/div>\n\t\t<\/article>\n\t\t\t\t<article class=\"elementor-post elementor-grid-item post-3361 post type-post status-publish format-standard has-post-thumbnail hentry category-uncategorized\">\n\t\t\t<div class=\"elementor-post__card\">\n\t\t\t\t<a class=\"elementor-post__thumbnail__link\" href=\"https:\/\/bendicionyesperanza.es\/?p=3361\" tabindex=\"-1\" ><div class=\"elementor-post__thumbnail\"><img loading=\"lazy\" decoding=\"async\" width=\"2048\" height=\"1536\" src=\"https:\/\/bendicionyesperanza.es\/wp-content\/uploads\/2025\/10\/Costaleros-Bendicion-y-Esperanza.jpg\" class=\"attachment-2048x2048 size-2048x2048 wp-image-3362\" alt=\"\" srcset=\"https:\/\/bendicionyesperanza.es\/wp-content\/uploads\/2025\/10\/Costaleros-Bendicion-y-Esperanza.jpg 2048w, https:\/\/bendicionyesperanza.es\/wp-content\/uploads\/2025\/10\/Costaleros-Bendicion-y-Esperanza-300x225.jpg 300w, https:\/\/bendicionyesperanza.es\/wp-content\/uploads\/2025\/10\/Costaleros-Bendicion-y-Esperanza-1024x768.jpg 1024w, https:\/\/bendicionyesperanza.es\/wp-content\/uploads\/2025\/10\/Costaleros-Bendicion-y-Esperanza-768x576.jpg 768w, https:\/\/bendicionyesperanza.es\/wp-content\/uploads\/2025\/10\/Costaleros-Bendicion-y-Esperanza-1536x1152.jpg 1536w\" sizes=\"(max-width: 2048px) 100vw, 2048px\" \/><\/div><\/a>\n\t\t\t\t<div class=\"elementor-post__text\">\n\t\t\t\t<h3 class=\"elementor-post__title\">\n\t\t\t<a href=\"https:\/\/bendicionyesperanza.es\/?p=3361\" >\n\t\t\t\tIgual\u00e1 del paso de misterio de Bendici\u00f3n y Esperanza\t\t\t<\/a>\n\t\t<\/h3>\n\t\t\t\t<\/div>\n\t\t\t\t<div class=\"elementor-post__meta-data\">\n\t\t\t\t\t<span class=\"elementor-post-date\">\n\t\t\toctubre 23, 2025\t\t<\/span>\n\t\t\t\t<\/div>\n\t\t\t\t\t<\/div>\n\t\t<\/article>\n\t\t\t\t<article class=\"elementor-post elementor-grid-item post-3358 post type-post status-publish format-standard has-post-thumbnail hentry category-uncategorized\">\n\t\t\t<div class=\"elementor-post__card\">\n\t\t\t\t<a class=\"elementor-post__thumbnail__link\" href=\"https:\/\/bendicionyesperanza.es\/?p=3358\" tabindex=\"-1\" ><div class=\"elementor-post__thumbnail\"><img loading=\"lazy\" decoding=\"async\" width=\"441\" height=\"441\" src=\"https:\/\/bendicionyesperanza.es\/wp-content\/uploads\/2025\/09\/ByE.jpg\" class=\"attachment-2048x2048 size-2048x2048 wp-image-3356\" alt=\"\" srcset=\"https:\/\/bendicionyesperanza.es\/wp-content\/uploads\/2025\/09\/ByE.jpg 441w, https:\/\/bendicionyesperanza.es\/wp-content\/uploads\/2025\/09\/ByE-300x300.jpg 300w, https:\/\/bendicionyesperanza.es\/wp-content\/uploads\/2025\/09\/ByE-150x150.jpg 150w\" sizes=\"(max-width: 441px) 100vw, 441px\" \/><\/div><\/a>\n\t\t\t\t<div class=\"elementor-post__text\">\n\t\t\t\t<h3 class=\"elementor-post__title\">\n\t\t\t<a href=\"https:\/\/bendicionyesperanza.es\/?p=3358\" >\n\t\t\t\tPremio a una vida y ejemplar en defensa del Distrito Sur en la categor\u00eda &#8216;Promoci\u00f3n e Integraci\u00f3n de un Barrio&#8217;\t\t\t<\/a>\n\t\t<\/h3>\n\t\t\t\t<\/div>\n\t\t\t\t<div class=\"elementor-post__meta-data\">\n\t\t\t\t\t<span class=\"elementor-post-date\">\n\t\t\tseptiembre 25, 2025\t\t<\/span>\n\t\t\t\t<\/div>\n\t\t\t\t\t<\/div>\n\t\t<\/article>\n\t\t\t\t<article class=\"elementor-post elementor-grid-item post-3351 post type-post status-publish format-standard has-post-thumbnail hentry category-uncategorized\">\n\t\t\t<div class=\"elementor-post__card\">\n\t\t\t\t<a class=\"elementor-post__thumbnail__link\" href=\"https:\/\/bendicionyesperanza.es\/?p=3351\" tabindex=\"-1\" ><div class=\"elementor-post__thumbnail\"><img loading=\"lazy\" decoding=\"async\" width=\"960\" height=\"511\" src=\"https:\/\/bendicionyesperanza.es\/wp-content\/uploads\/2025\/06\/Corpus-Christi.jpg\" class=\"attachment-2048x2048 size-2048x2048 wp-image-3352\" alt=\"\" srcset=\"https:\/\/bendicionyesperanza.es\/wp-content\/uploads\/2025\/06\/Corpus-Christi.jpg 960w, https:\/\/bendicionyesperanza.es\/wp-content\/uploads\/2025\/06\/Corpus-Christi-300x160.jpg 300w, https:\/\/bendicionyesperanza.es\/wp-content\/uploads\/2025\/06\/Corpus-Christi-768x409.jpg 768w\" sizes=\"(max-width: 960px) 100vw, 960px\" \/><\/div><\/a>\n\t\t\t\t<div class=\"elementor-post__text\">\n\t\t\t\t<h3 class=\"elementor-post__title\">\n\t\t\t<a href=\"https:\/\/bendicionyesperanza.es\/?p=3351\" >\n\t\t\t\tAbierto plazo inscripci\u00f3n Corpus Christi 2025\t\t\t<\/a>\n\t\t<\/h3>\n\t\t\t\t<\/div>\n\t\t\t\t<div class=\"elementor-post__meta-data\">\n\t\t\t\t\t<span class=\"elementor-post-date\">\n\t\t\tjunio 8, 2025\t\t<\/span>\n\t\t\t\t<\/div>\n\t\t\t\t\t<\/div>\n\t\t<\/article>\n\t\t\t\t<article class=\"elementor-post elementor-grid-item post-3340 post type-post status-publish format-standard has-post-thumbnail hentry category-uncategorized\">\n\t\t\t<div class=\"elementor-post__card\">\n\t\t\t\t<a class=\"elementor-post__thumbnail__link\" href=\"https:\/\/bendicionyesperanza.es\/?p=3340\" tabindex=\"-1\" ><div class=\"elementor-post__thumbnail\"><img loading=\"lazy\" decoding=\"async\" width=\"2048\" height=\"1153\" src=\"https:\/\/bendicionyesperanza.es\/wp-content\/uploads\/2025\/04\/Nazarenos-de-ByE-Viernes-de-Dolores-2025.jpg\" class=\"attachment-2048x2048 size-2048x2048 wp-image-3341\" alt=\"\" srcset=\"https:\/\/bendicionyesperanza.es\/wp-content\/uploads\/2025\/04\/Nazarenos-de-ByE-Viernes-de-Dolores-2025.jpg 2048w, https:\/\/bendicionyesperanza.es\/wp-content\/uploads\/2025\/04\/Nazarenos-de-ByE-Viernes-de-Dolores-2025-300x169.jpg 300w, https:\/\/bendicionyesperanza.es\/wp-content\/uploads\/2025\/04\/Nazarenos-de-ByE-Viernes-de-Dolores-2025-1024x577.jpg 1024w, https:\/\/bendicionyesperanza.es\/wp-content\/uploads\/2025\/04\/Nazarenos-de-ByE-Viernes-de-Dolores-2025-768x432.jpg 768w, https:\/\/bendicionyesperanza.es\/wp-content\/uploads\/2025\/04\/Nazarenos-de-ByE-Viernes-de-Dolores-2025-1536x865.jpg 1536w\" sizes=\"(max-width: 2048px) 100vw, 2048px\" \/><\/div><\/a>\n\t\t\t\t<div class=\"elementor-post__text\">\n\t\t\t\t<h3 class=\"elementor-post__title\">\n\t\t\t<a href=\"https:\/\/bendicionyesperanza.es\/?p=3340\" >\n\t\t\t\tComunicado Oficial: Entrega t\u00fanicas en alquiler\t\t\t<\/a>\n\t\t<\/h3>\n\t\t\t\t<\/div>\n\t\t\t\t<div class=\"elementor-post__meta-data\">\n\t\t\t\t\t<span class=\"elementor-post-date\">\n\t\t\tabril 23, 2025\t\t<\/span>\n\t\t\t\t<\/div>\n\t\t\t\t\t<\/div>\n\t\t<\/article>\n\t\t\t\t<article class=\"elementor-post elementor-grid-item post-3323 post type-post status-publish format-standard has-post-thumbnail hentry category-uncategorized\">\n\t\t\t<div class=\"elementor-post__card\">\n\t\t\t\t<a class=\"elementor-post__thumbnail__link\" href=\"https:\/\/bendicionyesperanza.es\/?p=3323\" tabindex=\"-1\" ><div class=\"elementor-post__thumbnail\"><img loading=\"lazy\" decoding=\"async\" width=\"2048\" height=\"1153\" src=\"https:\/\/bendicionyesperanza.es\/wp-content\/uploads\/2025\/04\/1-Junta-de-Gobierno-1-2048x1153.jpg\" class=\"attachment-2048x2048 size-2048x2048 wp-image-3332\" alt=\"\" srcset=\"https:\/\/bendicionyesperanza.es\/wp-content\/uploads\/2025\/04\/1-Junta-de-Gobierno-1-2048x1153.jpg 2048w, https:\/\/bendicionyesperanza.es\/wp-content\/uploads\/2025\/04\/1-Junta-de-Gobierno-1-300x169.jpg 300w, https:\/\/bendicionyesperanza.es\/wp-content\/uploads\/2025\/04\/1-Junta-de-Gobierno-1-1024x577.jpg 1024w, https:\/\/bendicionyesperanza.es\/wp-content\/uploads\/2025\/04\/1-Junta-de-Gobierno-1-768x432.jpg 768w, https:\/\/bendicionyesperanza.es\/wp-content\/uploads\/2025\/04\/1-Junta-de-Gobierno-1-1536x865.jpg 1536w\" sizes=\"(max-width: 2048px) 100vw, 2048px\" \/><\/div><\/a>\n\t\t\t\t<div class=\"elementor-post__text\">\n\t\t\t\t<h3 class=\"elementor-post__title\">\n\t\t\t<a href=\"https:\/\/bendicionyesperanza.es\/?p=3323\" >\n\t\t\t\tAgradecimientos Viernes Santo\t\t\t<\/a>\n\t\t<\/h3>\n\t\t\t\t<\/div>\n\t\t\t\t<div class=\"elementor-post__meta-data\">\n\t\t\t\t\t<span class=\"elementor-post-date\">\n\t\t\tabril 19, 2025\t\t<\/span>\n\t\t\t\t<\/div>\n\t\t\t\t\t<\/div>\n\t\t<\/article>\n\t\t\t\t<article class=\"elementor-post elementor-grid-item post-3247 post type-post status-publish format-standard has-post-thumbnail hentry category-uncategorized\">\n\t\t\t<div class=\"elementor-post__card\">\n\t\t\t\t<a class=\"elementor-post__thumbnail__link\" href=\"https:\/\/bendicionyesperanza.es\/?p=3247\" tabindex=\"-1\" ><div class=\"elementor-post__thumbnail\"><img loading=\"lazy\" decoding=\"async\" width=\"2000\" height=\"1126\" src=\"https:\/\/bendicionyesperanza.es\/wp-content\/uploads\/2025\/04\/Paso-de-misterio-de-Bendicion-y-Esperanza-Viernes-de-Dolores-2025.jpg\" class=\"attachment-2048x2048 size-2048x2048 wp-image-3291\" alt=\"\" srcset=\"https:\/\/bendicionyesperanza.es\/wp-content\/uploads\/2025\/04\/Paso-de-misterio-de-Bendicion-y-Esperanza-Viernes-de-Dolores-2025.jpg 2000w, https:\/\/bendicionyesperanza.es\/wp-content\/uploads\/2025\/04\/Paso-de-misterio-de-Bendicion-y-Esperanza-Viernes-de-Dolores-2025-300x169.jpg 300w, https:\/\/bendicionyesperanza.es\/wp-content\/uploads\/2025\/04\/Paso-de-misterio-de-Bendicion-y-Esperanza-Viernes-de-Dolores-2025-1024x577.jpg 1024w, https:\/\/bendicionyesperanza.es\/wp-content\/uploads\/2025\/04\/Paso-de-misterio-de-Bendicion-y-Esperanza-Viernes-de-Dolores-2025-768x432.jpg 768w, https:\/\/bendicionyesperanza.es\/wp-content\/uploads\/2025\/04\/Paso-de-misterio-de-Bendicion-y-Esperanza-Viernes-de-Dolores-2025-1536x865.jpg 1536w\" sizes=\"(max-width: 2000px) 100vw, 2000px\" \/><\/div><\/a>\n\t\t\t\t<div class=\"elementor-post__text\">\n\t\t\t\t<h3 class=\"elementor-post__title\">\n\t\t\t<a href=\"https:\/\/bendicionyesperanza.es\/?p=3247\" >\n\t\t\t\tFicha Cofrad\u00eda Viernes de Dolores 2025\t\t\t<\/a>\n\t\t<\/h3>\n\t\t\t\t<\/div>\n\t\t\t\t<div class=\"elementor-post__meta-data\">\n\t\t\t\t\t<span class=\"elementor-post-date\">\n\t\t\tabril 11, 2025\t\t<\/span>\n\t\t\t\t<\/div>\n\t\t\t\t\t<\/div>\n\t\t<\/article>\n\t\t\t\t<article class=\"elementor-post elementor-grid-item post-3240 post type-post status-publish format-standard has-post-thumbnail hentry category-uncategorized\">\n\t\t\t<div class=\"elementor-post__card\">\n\t\t\t\t<a class=\"elementor-post__thumbnail__link\" href=\"https:\/\/bendicionyesperanza.es\/?p=3240\" tabindex=\"-1\" ><div class=\"elementor-post__thumbnail\"><img loading=\"lazy\" decoding=\"async\" width=\"1060\" height=\"1320\" src=\"https:\/\/bendicionyesperanza.es\/wp-content\/uploads\/2025\/04\/Escudo_de_Bendicion_y_Esperanza_Sevilla.jpg\" class=\"attachment-2048x2048 size-2048x2048 wp-image-3244\" alt=\"\" srcset=\"https:\/\/bendicionyesperanza.es\/wp-content\/uploads\/2025\/04\/Escudo_de_Bendicion_y_Esperanza_Sevilla.jpg 1060w, https:\/\/bendicionyesperanza.es\/wp-content\/uploads\/2025\/04\/Escudo_de_Bendicion_y_Esperanza_Sevilla-241x300.jpg 241w, https:\/\/bendicionyesperanza.es\/wp-content\/uploads\/2025\/04\/Escudo_de_Bendicion_y_Esperanza_Sevilla-822x1024.jpg 822w, https:\/\/bendicionyesperanza.es\/wp-content\/uploads\/2025\/04\/Escudo_de_Bendicion_y_Esperanza_Sevilla-768x956.jpg 768w\" sizes=\"(max-width: 1060px) 100vw, 1060px\" \/><\/div><\/a>\n\t\t\t\t<div class=\"elementor-post__text\">\n\t\t\t\t<h3 class=\"elementor-post__title\">\n\t\t\t<a href=\"https:\/\/bendicionyesperanza.es\/?p=3240\" >\n\t\t\t\tMisa de Hermandad y colocaci\u00f3n de las flores\t\t\t<\/a>\n\t\t<\/h3>\n\t\t\t\t<\/div>\n\t\t\t\t<div class=\"elementor-post__meta-data\">\n\t\t\t\t\t<span class=\"elementor-post-date\">\n\t\t\tabril 10, 2025\t\t<\/span>\n\t\t\t\t<\/div>\n\t\t\t\t\t<\/div>\n\t\t<\/article>\n\t\t\t\t<article class=\"elementor-post elementor-grid-item post-3220 post type-post status-publish format-standard has-post-thumbnail hentry category-uncategorized\">\n\t\t\t<div class=\"elementor-post__card\">\n\t\t\t\t<a class=\"elementor-post__thumbnail__link\" href=\"https:\/\/bendicionyesperanza.es\/?p=3220\" tabindex=\"-1\" ><div class=\"elementor-post__thumbnail\"><img loading=\"lazy\" decoding=\"async\" width=\"1200\" height=\"900\" src=\"https:\/\/bendicionyesperanza.es\/wp-content\/uploads\/2025\/04\/bendicion-esperanza-sevilla-viernes-dolores2_xoptimizadax.jpg\" class=\"attachment-2048x2048 size-2048x2048 wp-image-3221\" alt=\"\" srcset=\"https:\/\/bendicionyesperanza.es\/wp-content\/uploads\/2025\/04\/bendicion-esperanza-sevilla-viernes-dolores2_xoptimizadax.jpg 1200w, https:\/\/bendicionyesperanza.es\/wp-content\/uploads\/2025\/04\/bendicion-esperanza-sevilla-viernes-dolores2_xoptimizadax-300x225.jpg 300w, https:\/\/bendicionyesperanza.es\/wp-content\/uploads\/2025\/04\/bendicion-esperanza-sevilla-viernes-dolores2_xoptimizadax-1024x768.jpg 1024w, https:\/\/bendicionyesperanza.es\/wp-content\/uploads\/2025\/04\/bendicion-esperanza-sevilla-viernes-dolores2_xoptimizadax-768x576.jpg 768w\" sizes=\"(max-width: 1200px) 100vw, 1200px\" \/><\/div><\/a>\n\t\t\t\t<div class=\"elementor-post__text\">\n\t\t\t\t<h3 class=\"elementor-post__title\">\n\t\t\t<a href=\"https:\/\/bendicionyesperanza.es\/?p=3220\" >\n\t\t\t\tListado de Hermanos\/as que formar\u00e1n la cofrad\u00eda en la Estaci\u00f3n de Penitencia Viernes de Dolores 2025\t\t\t<\/a>\n\t\t<\/h3>\n\t\t\t\t<\/div>\n\t\t\t\t<div class=\"elementor-post__meta-data\">\n\t\t\t\t\t<span class=\"elementor-post-date\">\n\t\t\tabril 8, 2025\t\t<\/span>\n\t\t\t\t<\/div>\n\t\t\t\t\t<\/div>\n\t\t<\/article>\n\t\t\t\t<article class=\"elementor-post elementor-grid-item post-3215 post type-post status-publish format-standard has-post-thumbnail hentry category-uncategorized\">\n\t\t\t<div class=\"elementor-post__card\">\n\t\t\t\t<a class=\"elementor-post__thumbnail__link\" href=\"https:\/\/bendicionyesperanza.es\/?p=3215\" tabindex=\"-1\" ><div class=\"elementor-post__thumbnail\"><img loading=\"lazy\" decoding=\"async\" width=\"526\" height=\"701\" src=\"https:\/\/bendicionyesperanza.es\/wp-content\/uploads\/2025\/04\/Nuestro-Padre-Jesus-de-la-Bendicion-en-el-Santo-Encuentro.jpg\" class=\"attachment-2048x2048 size-2048x2048 wp-image-3216\" alt=\"\" srcset=\"https:\/\/bendicionyesperanza.es\/wp-content\/uploads\/2025\/04\/Nuestro-Padre-Jesus-de-la-Bendicion-en-el-Santo-Encuentro.jpg 526w, https:\/\/bendicionyesperanza.es\/wp-content\/uploads\/2025\/04\/Nuestro-Padre-Jesus-de-la-Bendicion-en-el-Santo-Encuentro-225x300.jpg 225w\" sizes=\"(max-width: 526px) 100vw, 526px\" \/><\/div><\/a>\n\t\t\t\t<div class=\"elementor-post__text\">\n\t\t\t\t<h3 class=\"elementor-post__title\">\n\t\t\t<a href=\"https:\/\/bendicionyesperanza.es\/?p=3215\" >\n\t\t\t\tPiadoso V\u00eda Crucis de Nuestro Padre Jes\u00fas de la Bendici\u00f3n en el Santo Encuentro y Devoto Besapi\u00e9s\t\t\t<\/a>\n\t\t<\/h3>\n\t\t\t\t<\/div>\n\t\t\t\t<div class=\"elementor-post__meta-data\">\n\t\t\t\t\t<span class=\"elementor-post-date\">\n\t\t\tabril 3, 2025\t\t<\/span>\n\t\t\t\t<\/div>\n\t\t\t\t\t<\/div>\n\t\t<\/article>\n\t\t\t\t<article class=\"elementor-post elementor-grid-item post-3211 post type-post status-publish format-standard has-post-thumbnail hentry category-uncategorized\">\n\t\t\t<div class=\"elementor-post__card\">\n\t\t\t\t<a class=\"elementor-post__thumbnail__link\" href=\"https:\/\/bendicionyesperanza.es\/?p=3211\" tabindex=\"-1\" ><div class=\"elementor-post__thumbnail\"><img loading=\"lazy\" decoding=\"async\" width=\"1134\" height=\"1600\" src=\"https:\/\/bendicionyesperanza.es\/wp-content\/uploads\/2025\/03\/Solemne-Triduo-en-Honor-a-Nuestro-Padre-Jesus-de-la-Bendicion-en-el-Santo-Encuentro-2025.jpg\" class=\"attachment-2048x2048 size-2048x2048 wp-image-3212\" alt=\"\" srcset=\"https:\/\/bendicionyesperanza.es\/wp-content\/uploads\/2025\/03\/Solemne-Triduo-en-Honor-a-Nuestro-Padre-Jesus-de-la-Bendicion-en-el-Santo-Encuentro-2025.jpg 1134w, https:\/\/bendicionyesperanza.es\/wp-content\/uploads\/2025\/03\/Solemne-Triduo-en-Honor-a-Nuestro-Padre-Jesus-de-la-Bendicion-en-el-Santo-Encuentro-2025-213x300.jpg 213w, https:\/\/bendicionyesperanza.es\/wp-content\/uploads\/2025\/03\/Solemne-Triduo-en-Honor-a-Nuestro-Padre-Jesus-de-la-Bendicion-en-el-Santo-Encuentro-2025-726x1024.jpg 726w, https:\/\/bendicionyesperanza.es\/wp-content\/uploads\/2025\/03\/Solemne-Triduo-en-Honor-a-Nuestro-Padre-Jesus-de-la-Bendicion-en-el-Santo-Encuentro-2025-768x1084.jpg 768w, https:\/\/bendicionyesperanza.es\/wp-content\/uploads\/2025\/03\/Solemne-Triduo-en-Honor-a-Nuestro-Padre-Jesus-de-la-Bendicion-en-el-Santo-Encuentro-2025-1089x1536.jpg 1089w\" sizes=\"(max-width: 1134px) 100vw, 1134px\" \/><\/div><\/a>\n\t\t\t\t<div class=\"elementor-post__text\">\n\t\t\t\t<h3 class=\"elementor-post__title\">\n\t\t\t<a href=\"https:\/\/bendicionyesperanza.es\/?p=3211\" >\n\t\t\t\tSolemne Triduo y Devoto Besamanos en Honor a Nuestro Padre Jes\u00fas de la Bendici\u00f3n en el Santo Encuentro\t\t\t<\/a>\n\t\t<\/h3>\n\t\t\t\t<\/div>\n\t\t\t\t<div class=\"elementor-post__meta-data\">\n\t\t\t\t\t<span class=\"elementor-post-date\">\n\t\t\tmarzo 25, 2025\t\t<\/span>\n\t\t\t\t<\/div>\n\t\t\t\t\t<\/div>\n\t\t<\/article>\n\t\t\t\t<article class=\"elementor-post elementor-grid-item post-3207 post type-post status-publish format-standard hentry category-uncategorized\">\n\t\t\t<div class=\"elementor-post__card\">\n\t\t\t\t<div class=\"elementor-post__text\">\n\t\t\t\t<h3 class=\"elementor-post__title\">\n\t\t\t<a href=\"https:\/\/bendicionyesperanza.es\/?p=3207\" >\n\t\t\t\tInformaci\u00f3n Reparto Papeletas de Sitio 2025\t\t\t<\/a>\n\t\t<\/h3>\n\t\t\t\t<\/div>\n\t\t\t\t<div class=\"elementor-post__meta-data\">\n\t\t\t\t\t<span class=\"elementor-post-date\">\n\t\t\tmarzo 24, 2025\t\t<\/span>\n\t\t\t\t<\/div>\n\t\t\t\t\t<\/div>\n\t\t<\/article>\n\t\t\t\t<article class=\"elementor-post elementor-grid-item post-3163 post type-post status-publish format-standard has-post-thumbnail hentry category-uncategorized\">\n\t\t\t<div class=\"elementor-post__card\">\n\t\t\t\t<a class=\"elementor-post__thumbnail__link\" href=\"https:\/\/bendicionyesperanza.es\/?p=3163\" tabindex=\"-1\" ><div class=\"elementor-post__thumbnail\"><img loading=\"lazy\" decoding=\"async\" width=\"1131\" height=\"1600\" src=\"https:\/\/bendicionyesperanza.es\/wp-content\/uploads\/2025\/02\/Cartel-certamen-de-bandas-2025-de-la-Hermandad-Bendicion-y-Esperanza-1.jpg\" class=\"attachment-2048x2048 size-2048x2048 wp-image-3164\" alt=\"\" srcset=\"https:\/\/bendicionyesperanza.es\/wp-content\/uploads\/2025\/02\/Cartel-certamen-de-bandas-2025-de-la-Hermandad-Bendicion-y-Esperanza-1.jpg 1131w, https:\/\/bendicionyesperanza.es\/wp-content\/uploads\/2025\/02\/Cartel-certamen-de-bandas-2025-de-la-Hermandad-Bendicion-y-Esperanza-1-212x300.jpg 212w, https:\/\/bendicionyesperanza.es\/wp-content\/uploads\/2025\/02\/Cartel-certamen-de-bandas-2025-de-la-Hermandad-Bendicion-y-Esperanza-1-724x1024.jpg 724w, https:\/\/bendicionyesperanza.es\/wp-content\/uploads\/2025\/02\/Cartel-certamen-de-bandas-2025-de-la-Hermandad-Bendicion-y-Esperanza-1-768x1086.jpg 768w, https:\/\/bendicionyesperanza.es\/wp-content\/uploads\/2025\/02\/Cartel-certamen-de-bandas-2025-de-la-Hermandad-Bendicion-y-Esperanza-1-1086x1536.jpg 1086w\" sizes=\"(max-width: 1131px) 100vw, 1131px\" \/><\/div><\/a>\n\t\t\t\t<div class=\"elementor-post__text\">\n\t\t\t\t<h3 class=\"elementor-post__title\">\n\t\t\t<a href=\"https:\/\/bendicionyesperanza.es\/?p=3163\" >\n\t\t\t\tCertamen de Bandas y Agrupaciones Musicales de Bendici\u00f3n y Esperanza\t\t\t<\/a>\n\t\t<\/h3>\n\t\t\t\t<\/div>\n\t\t\t\t<div class=\"elementor-post__meta-data\">\n\t\t\t\t\t<span class=\"elementor-post-date\">\n\t\t\tfebrero 6, 2025\t\t<\/span>\n\t\t\t\t<\/div>\n\t\t\t\t\t<\/div>\n\t\t<\/article>\n\t\t\t\t<article class=\"elementor-post elementor-grid-item post-3143 post type-post status-publish format-standard has-post-thumbnail hentry category-uncategorized\">\n\t\t\t<div class=\"elementor-post__card\">\n\t\t\t\t<a class=\"elementor-post__thumbnail__link\" href=\"https:\/\/bendicionyesperanza.es\/?p=3143\" tabindex=\"-1\" ><div class=\"elementor-post__thumbnail\"><img loading=\"lazy\" decoding=\"async\" width=\"1349\" height=\"900\" src=\"https:\/\/bendicionyesperanza.es\/wp-content\/uploads\/2025\/01\/Informacion-Solicitud-Insignias-Viernes-de-Dolores-2025.jpg\" class=\"attachment-2048x2048 size-2048x2048 wp-image-3144\" alt=\"\" srcset=\"https:\/\/bendicionyesperanza.es\/wp-content\/uploads\/2025\/01\/Informacion-Solicitud-Insignias-Viernes-de-Dolores-2025.jpg 1349w, https:\/\/bendicionyesperanza.es\/wp-content\/uploads\/2025\/01\/Informacion-Solicitud-Insignias-Viernes-de-Dolores-2025-300x200.jpg 300w, https:\/\/bendicionyesperanza.es\/wp-content\/uploads\/2025\/01\/Informacion-Solicitud-Insignias-Viernes-de-Dolores-2025-1024x683.jpg 1024w, https:\/\/bendicionyesperanza.es\/wp-content\/uploads\/2025\/01\/Informacion-Solicitud-Insignias-Viernes-de-Dolores-2025-768x512.jpg 768w\" sizes=\"(max-width: 1349px) 100vw, 1349px\" \/><\/div><\/a>\n\t\t\t\t<div class=\"elementor-post__text\">\n\t\t\t\t<h3 class=\"elementor-post__title\">\n\t\t\t<a href=\"https:\/\/bendicionyesperanza.es\/?p=3143\" >\n\t\t\t\tSolicitud de Insignias Viernes de Dolores 2025\t\t\t<\/a>\n\t\t<\/h3>\n\t\t\t\t<\/div>\n\t\t\t\t<div class=\"elementor-post__meta-data\">\n\t\t\t\t\t<span class=\"elementor-post-date\">\n\t\t\tenero 23, 2025\t\t<\/span>\n\t\t\t\t<\/div>\n\t\t\t\t\t<\/div>\n\t\t<\/article>\n\t\t\t\t<article class=\"elementor-post elementor-grid-item post-3113 post type-post status-publish format-standard has-post-thumbnail hentry category-uncategorized\">\n\t\t\t<div class=\"elementor-post__card\">\n\t\t\t\t<a class=\"elementor-post__thumbnail__link\" href=\"https:\/\/bendicionyesperanza.es\/?p=3113\" tabindex=\"-1\" ><div class=\"elementor-post__thumbnail\"><img loading=\"lazy\" decoding=\"async\" width=\"720\" height=\"540\" src=\"https:\/\/bendicionyesperanza.es\/wp-content\/uploads\/2025\/01\/FB_IMG_1736435242091.jpg\" class=\"attachment-2048x2048 size-2048x2048 wp-image-3114\" alt=\"\" srcset=\"https:\/\/bendicionyesperanza.es\/wp-content\/uploads\/2025\/01\/FB_IMG_1736435242091.jpg 720w, https:\/\/bendicionyesperanza.es\/wp-content\/uploads\/2025\/01\/FB_IMG_1736435242091-300x225.jpg 300w\" sizes=\"(max-width: 720px) 100vw, 720px\" \/><\/div><\/a>\n\t\t\t\t<div class=\"elementor-post__text\">\n\t\t\t\t<h3 class=\"elementor-post__title\">\n\t\t\t<a href=\"https:\/\/bendicionyesperanza.es\/?p=3113\" >\n\t\t\t\tFechas ensayos paso misterio Bendici\u00f3n y Esperanza\t\t\t<\/a>\n\t\t<\/h3>\n\t\t\t\t<\/div>\n\t\t\t\t<div class=\"elementor-post__meta-data\">\n\t\t\t\t\t<span class=\"elementor-post-date\">\n\t\t\tenero 21, 2025\t\t<\/span>\n\t\t\t\t<\/div>\n\t\t\t\t\t<\/div>\n\t\t<\/article>\n\t\t\t\t<article class=\"elementor-post elementor-grid-item post-3102 post type-post status-publish format-standard has-post-thumbnail hentry category-uncategorized\">\n\t\t\t<div class=\"elementor-post__card\">\n\t\t\t\t<a class=\"elementor-post__thumbnail__link\" href=\"https:\/\/bendicionyesperanza.es\/?p=3102\" tabindex=\"-1\" ><div class=\"elementor-post__thumbnail\"><img loading=\"lazy\" decoding=\"async\" width=\"720\" height=\"1021\" src=\"https:\/\/bendicionyesperanza.es\/wp-content\/uploads\/2024\/12\/FB_IMG_1734170877369.jpg\" class=\"attachment-2048x2048 size-2048x2048 wp-image-3103\" alt=\"\" srcset=\"https:\/\/bendicionyesperanza.es\/wp-content\/uploads\/2024\/12\/FB_IMG_1734170877369.jpg 720w, https:\/\/bendicionyesperanza.es\/wp-content\/uploads\/2024\/12\/FB_IMG_1734170877369-212x300.jpg 212w\" sizes=\"(max-width: 720px) 100vw, 720px\" \/><\/div><\/a>\n\t\t\t\t<div class=\"elementor-post__text\">\n\t\t\t\t<h3 class=\"elementor-post__title\">\n\t\t\t<a href=\"https:\/\/bendicionyesperanza.es\/?p=3102\" >\n\t\t\t\tCartero Real y Operaci\u00f3n Kilo de Bendici\u00f3n y Esperanza\t\t\t<\/a>\n\t\t<\/h3>\n\t\t\t\t<\/div>\n\t\t\t\t<div class=\"elementor-post__meta-data\">\n\t\t\t\t\t<span class=\"elementor-post-date\">\n\t\t\tdiciembre 27, 2024\t\t<\/span>\n\t\t\t\t<\/div>\n\t\t\t\t\t<\/div>\n\t\t<\/article>\n\t\t\t\t<article class=\"elementor-post elementor-grid-item post-3014 post type-post status-publish format-standard has-post-thumbnail hentry category-uncategorized\">\n\t\t\t<div class=\"elementor-post__card\">\n\t\t\t\t<a class=\"elementor-post__thumbnail__link\" href=\"https:\/\/bendicionyesperanza.es\/?p=3014\" tabindex=\"-1\" ><div class=\"elementor-post__thumbnail\"><img loading=\"lazy\" decoding=\"async\" width=\"1179\" height=\"1465\" src=\"https:\/\/bendicionyesperanza.es\/wp-content\/uploads\/2024\/12\/d1c5f4b6-464c-4d50-8b18-378b9df09de4-1.jpg\" class=\"attachment-2048x2048 size-2048x2048 wp-image-3015\" alt=\"\" srcset=\"https:\/\/bendicionyesperanza.es\/wp-content\/uploads\/2024\/12\/d1c5f4b6-464c-4d50-8b18-378b9df09de4-1.jpg 1179w, https:\/\/bendicionyesperanza.es\/wp-content\/uploads\/2024\/12\/d1c5f4b6-464c-4d50-8b18-378b9df09de4-1-241x300.jpg 241w, https:\/\/bendicionyesperanza.es\/wp-content\/uploads\/2024\/12\/d1c5f4b6-464c-4d50-8b18-378b9df09de4-1-824x1024.jpg 824w, https:\/\/bendicionyesperanza.es\/wp-content\/uploads\/2024\/12\/d1c5f4b6-464c-4d50-8b18-378b9df09de4-1-768x954.jpg 768w\" sizes=\"(max-width: 1179px) 100vw, 1179px\" \/><\/div><\/a>\n\t\t\t\t<div class=\"elementor-post__text\">\n\t\t\t\t<h3 class=\"elementor-post__title\">\n\t\t\t<a href=\"https:\/\/bendicionyesperanza.es\/?p=3014\" >\n\t\t\t\tFestividad de la Expectaci\u00f3n de Mar\u00eda\t\t\t<\/a>\n\t\t<\/h3>\n\t\t\t\t<\/div>\n\t\t\t\t<div class=\"elementor-post__meta-data\">\n\t\t\t\t\t<span class=\"elementor-post-date\">\n\t\t\tdiciembre 18, 2024\t\t<\/span>\n\t\t\t\t<\/div>\n\t\t\t\t\t<\/div>\n\t\t<\/article>\n\t\t\t\t<article class=\"elementor-post elementor-grid-item post-2753 post type-post status-publish format-standard has-post-thumbnail hentry category-uncategorized\">\n\t\t\t<div class=\"elementor-post__card\">\n\t\t\t\t<a class=\"elementor-post__thumbnail__link\" href=\"https:\/\/bendicionyesperanza.es\/?p=2753\" tabindex=\"-1\" ><div class=\"elementor-post__thumbnail\"><img loading=\"lazy\" decoding=\"async\" width=\"515\" height=\"720\" src=\"https:\/\/bendicionyesperanza.es\/wp-content\/uploads\/2024\/12\/Triduo-en-Honor-a-Santa-Maria-de-la-Esperanza-en-su-Soledad-diciembre-2024.jpg\" class=\"attachment-2048x2048 size-2048x2048 wp-image-2994\" alt=\"\" srcset=\"https:\/\/bendicionyesperanza.es\/wp-content\/uploads\/2024\/12\/Triduo-en-Honor-a-Santa-Maria-de-la-Esperanza-en-su-Soledad-diciembre-2024.jpg 515w, https:\/\/bendicionyesperanza.es\/wp-content\/uploads\/2024\/12\/Triduo-en-Honor-a-Santa-Maria-de-la-Esperanza-en-su-Soledad-diciembre-2024-215x300.jpg 215w\" sizes=\"(max-width: 515px) 100vw, 515px\" \/><\/div><\/a>\n\t\t\t\t<div class=\"elementor-post__text\">\n\t\t\t\t<h3 class=\"elementor-post__title\">\n\t\t\t<a href=\"https:\/\/bendicionyesperanza.es\/?p=2753\" >\n\t\t\t\tTriduo y Devoto Besamanos en Honor a Santa Mar\u00eda de la Esperanza en su Soledad\t\t\t<\/a>\n\t\t<\/h3>\n\t\t\t\t<\/div>\n\t\t\t\t<div class=\"elementor-post__meta-data\">\n\t\t\t\t\t<span class=\"elementor-post-date\">\n\t\t\tdiciembre 15, 2024\t\t<\/span>\n\t\t\t\t<\/div>\n\t\t\t\t\t<\/div>\n\t\t<\/article>\n\t\t\t\t<article class=\"elementor-post elementor-grid-item post-1705 post type-post status-publish format-standard has-post-thumbnail hentry category-uncategorized\">\n\t\t\t<div class=\"elementor-post__card\">\n\t\t\t\t<a class=\"elementor-post__thumbnail__link\" href=\"https:\/\/bendicionyesperanza.es\/?p=1705\" tabindex=\"-1\" ><div class=\"elementor-post__thumbnail\"><img loading=\"lazy\" decoding=\"async\" width=\"640\" height=\"912\" src=\"https:\/\/bendicionyesperanza.es\/wp-content\/uploads\/2024\/12\/Retiro-de-Adviento-2024-Parroquia-Jesus-Obrero.jpg\" class=\"attachment-2048x2048 size-2048x2048 wp-image-1714\" alt=\"\" srcset=\"https:\/\/bendicionyesperanza.es\/wp-content\/uploads\/2024\/12\/Retiro-de-Adviento-2024-Parroquia-Jesus-Obrero.jpg 640w, https:\/\/bendicionyesperanza.es\/wp-content\/uploads\/2024\/12\/Retiro-de-Adviento-2024-Parroquia-Jesus-Obrero-211x300.jpg 211w\" sizes=\"(max-width: 640px) 100vw, 640px\" \/><\/div><\/a>\n\t\t\t\t<div class=\"elementor-post__text\">\n\t\t\t\t<h3 class=\"elementor-post__title\">\n\t\t\t<a href=\"https:\/\/bendicionyesperanza.es\/?p=1705\" >\n\t\t\t\tRetiro de Adviento\t\t\t<\/a>\n\t\t<\/h3>\n\t\t\t\t<\/div>\n\t\t\t\t<div class=\"elementor-post__meta-data\">\n\t\t\t\t\t<span class=\"elementor-post-date\">\n\t\t\tdiciembre 5, 2024\t\t<\/span>\n\t\t\t\t<\/div>\n\t\t\t\t\t<\/div>\n\t\t<\/article>\n\t\t\t\t<article class=\"elementor-post elementor-grid-item post-1039 post type-post status-publish format-standard has-post-thumbnail hentry category-uncategorized\">\n\t\t\t<div class=\"elementor-post__card\">\n\t\t\t\t<a class=\"elementor-post__thumbnail__link\" href=\"https:\/\/bendicionyesperanza.es\/?p=1039\" tabindex=\"-1\" ><div class=\"elementor-post__thumbnail\"><img loading=\"lazy\" decoding=\"async\" width=\"900\" height=\"506\" src=\"https:\/\/bendicionyesperanza.es\/wp-content\/uploads\/2024\/11\/cartero-real.jpg\" class=\"attachment-2048x2048 size-2048x2048 wp-image-1041\" alt=\"\" srcset=\"https:\/\/bendicionyesperanza.es\/wp-content\/uploads\/2024\/11\/cartero-real.jpg 900w, https:\/\/bendicionyesperanza.es\/wp-content\/uploads\/2024\/11\/cartero-real-300x169.jpg 300w, https:\/\/bendicionyesperanza.es\/wp-content\/uploads\/2024\/11\/cartero-real-768x432.jpg 768w\" sizes=\"(max-width: 900px) 100vw, 900px\" \/><\/div><\/a>\n\t\t\t\t<div class=\"elementor-post__text\">\n\t\t\t\t<h3 class=\"elementor-post__title\">\n\t\t\t<a href=\"https:\/\/bendicionyesperanza.es\/?p=1039\" >\n\t\t\t\tCartero Real\t\t\t<\/a>\n\t\t<\/h3>\n\t\t\t\t<\/div>\n\t\t\t\t<div class=\"elementor-post__meta-data\">\n\t\t\t\t\t<span class=\"elementor-post-date\">\n\t\t\tnoviembre 26, 2024\t\t<\/span>\n\t\t\t\t<\/div>\n\t\t\t\t\t<\/div>\n\t\t<\/article>\n\t\t\t\t<article class=\"elementor-post elementor-grid-item post-878 post type-post status-publish format-standard has-post-thumbnail hentry category-uncategorized\">\n\t\t\t<div class=\"elementor-post__card\">\n\t\t\t\t<a class=\"elementor-post__thumbnail__link\" href=\"https:\/\/bendicionyesperanza.es\/?p=878\" tabindex=\"-1\" ><div class=\"elementor-post__thumbnail\"><img loading=\"lazy\" decoding=\"async\" width=\"900\" height=\"524\" src=\"https:\/\/bendicionyesperanza.es\/wp-content\/uploads\/2024\/11\/costaleros_salida.jpg\" class=\"attachment-2048x2048 size-2048x2048 wp-image-888\" alt=\"\" srcset=\"https:\/\/bendicionyesperanza.es\/wp-content\/uploads\/2024\/11\/costaleros_salida.jpg 900w, https:\/\/bendicionyesperanza.es\/wp-content\/uploads\/2024\/11\/costaleros_salida-300x175.jpg 300w, https:\/\/bendicionyesperanza.es\/wp-content\/uploads\/2024\/11\/costaleros_salida-768x447.jpg 768w\" sizes=\"(max-width: 900px) 100vw, 900px\" \/><\/div><\/a>\n\t\t\t\t<div class=\"elementor-post__text\">\n\t\t\t\t<h3 class=\"elementor-post__title\">\n\t\t\t<a href=\"https:\/\/bendicionyesperanza.es\/?p=878\" >\n\t\t\t\tIgual\u00e1 paso de misterio de Bendici\u00f3n y Esperanza\t\t\t<\/a>\n\t\t<\/h3>\n\t\t\t\t<\/div>\n\t\t\t\t<div class=\"elementor-post__meta-data\">\n\t\t\t\t\t<span class=\"elementor-post-date\">\n\t\t\tnoviembre 23, 2024\t\t<\/span>\n\t\t\t\t<\/div>\n\t\t\t\t\t<\/div>\n\t\t<\/article>\n\t\t\t\t<article class=\"elementor-post elementor-grid-item post-279 post type-post status-publish format-standard has-post-thumbnail hentry category-uncategorized\">\n\t\t\t<div class=\"elementor-post__card\">\n\t\t\t\t<a class=\"elementor-post__thumbnail__link\" href=\"https:\/\/bendicionyesperanza.es\/?p=279\" tabindex=\"-1\" ><div class=\"elementor-post__thumbnail\"><img loading=\"lazy\" decoding=\"async\" width=\"1154\" height=\"863\" src=\"https:\/\/bendicionyesperanza.es\/wp-content\/uploads\/2024\/11\/notias-56.png\" class=\"attachment-2048x2048 size-2048x2048 wp-image-280\" alt=\"\" srcset=\"https:\/\/bendicionyesperanza.es\/wp-content\/uploads\/2024\/11\/notias-56.png 1154w, https:\/\/bendicionyesperanza.es\/wp-content\/uploads\/2024\/11\/notias-56-300x224.png 300w, https:\/\/bendicionyesperanza.es\/wp-content\/uploads\/2024\/11\/notias-56-1024x766.png 1024w, https:\/\/bendicionyesperanza.es\/wp-content\/uploads\/2024\/11\/notias-56-768x574.png 768w\" sizes=\"(max-width: 1154px) 100vw, 1154px\" \/><\/div><\/a>\n\t\t\t\t<div class=\"elementor-post__text\">\n\t\t\t\t<h3 class=\"elementor-post__title\">\n\t\t\t<a href=\"https:\/\/bendicionyesperanza.es\/?p=279\" >\n\t\t\t\tVotaciones Junta de Gobierno\t\t\t<\/a>\n\t\t<\/h3>\n\t\t\t\t<\/div>\n\t\t\t\t<div class=\"elementor-post__meta-data\">\n\t\t\t\t\t<span class=\"elementor-post-date\">\n\t\t\tnoviembre 13, 2024\t\t<\/span>\n\t\t\t\t<\/div>\n\t\t\t\t\t<\/div>\n\t\t<\/article>\n\t\t\t\t<article class=\"elementor-post elementor-grid-item post-244 post type-post status-publish format-standard has-post-thumbnail hentry category-uncategorized\">\n\t\t\t<div class=\"elementor-post__card\">\n\t\t\t\t<a class=\"elementor-post__thumbnail__link\" href=\"https:\/\/bendicionyesperanza.es\/?p=244\" tabindex=\"-1\" ><div class=\"elementor-post__thumbnail\"><img loading=\"lazy\" decoding=\"async\" width=\"1153\" height=\"864\" src=\"https:\/\/bendicionyesperanza.es\/wp-content\/uploads\/2024\/11\/imagen-2.png\" class=\"attachment-2048x2048 size-2048x2048 wp-image-262\" alt=\"\" srcset=\"https:\/\/bendicionyesperanza.es\/wp-content\/uploads\/2024\/11\/imagen-2.png 1153w, https:\/\/bendicionyesperanza.es\/wp-content\/uploads\/2024\/11\/imagen-2-300x225.png 300w, https:\/\/bendicionyesperanza.es\/wp-content\/uploads\/2024\/11\/imagen-2-1024x767.png 1024w, https:\/\/bendicionyesperanza.es\/wp-content\/uploads\/2024\/11\/imagen-2-768x576.png 768w\" sizes=\"(max-width: 1153px) 100vw, 1153px\" \/><\/div><\/a>\n\t\t\t\t<div class=\"elementor-post__text\">\n\t\t\t\t<h3 class=\"elementor-post__title\">\n\t\t\t<a href=\"https:\/\/bendicionyesperanza.es\/?p=244\" >\n\t\t\t\tElecciones\t\t\t<\/a>\n\t\t<\/h3>\n\t\t\t\t<\/div>\n\t\t\t\t<div class=\"elementor-post__meta-data\">\n\t\t\t\t\t<span class=\"elementor-post-date\">\n\t\t\tnoviembre 12, 2024\t\t<\/span>\n\t\t\t\t<\/div>\n\t\t\t\t\t<\/div>\n\t\t<\/article>\n\t\t\t\t<article class=\"elementor-post elementor-grid-item post-222 post type-post status-publish format-standard has-post-thumbnail hentry category-uncategorized\">\n\t\t\t<div class=\"elementor-post__card\">\n\t\t\t\t<a class=\"elementor-post__thumbnail__link\" href=\"https:\/\/bendicionyesperanza.es\/?p=222\" tabindex=\"-1\" ><div class=\"elementor-post__thumbnail\"><img loading=\"lazy\" decoding=\"async\" width=\"1200\" height=\"1600\" src=\"https:\/\/bendicionyesperanza.es\/wp-content\/uploads\/2024\/11\/imagen-5.jpeg\" class=\"attachment-2048x2048 size-2048x2048 wp-image-229\" alt=\"\" srcset=\"https:\/\/bendicionyesperanza.es\/wp-content\/uploads\/2024\/11\/imagen-5.jpeg 1200w, https:\/\/bendicionyesperanza.es\/wp-content\/uploads\/2024\/11\/imagen-5-225x300.jpeg 225w, https:\/\/bendicionyesperanza.es\/wp-content\/uploads\/2024\/11\/imagen-5-768x1024.jpeg 768w, https:\/\/bendicionyesperanza.es\/wp-content\/uploads\/2024\/11\/imagen-5-1152x1536.jpeg 1152w\" sizes=\"(max-width: 1200px) 100vw, 1200px\" \/><\/div><\/a>\n\t\t\t\t<div class=\"elementor-post__text\">\n\t\t\t\t<h3 class=\"elementor-post__title\">\n\t\t\t<a href=\"https:\/\/bendicionyesperanza.es\/?p=222\" >\n\t\t\t\tAprobaci\u00f3n de Reglas\t\t\t<\/a>\n\t\t<\/h3>\n\t\t\t\t<\/div>\n\t\t\t\t<div class=\"elementor-post__meta-data\">\n\t\t\t\t\t<span class=\"elementor-post-date\">\n\t\t\tnoviembre 12, 2024\t\t<\/span>\n\t\t\t\t<\/div>\n\t\t\t\t\t<\/div>\n\t\t<\/article>\n\t\t\t\t<\/div>\n\t\t\n\t\t\t\t\t\t<\/div>\n\t\t\t\t<\/div>\n\t\t\t\t\t<\/div>\n\t\t\t\t<\/div>\n\t\t\t\t<\/div>\n\t\t","protected":false},"excerpt":{"rendered":"<p>Noticias Destacadas<\/p>\n","protected":false},"author":1,"featured_media":0,"parent":0,"menu_order":0,"comment_status":"closed","ping_status":"closed","template":"","meta":{"site-sidebar-layout":"no-sidebar","site-content-layout":"","ast-site-content-layout":"full-width-container","site-content-style":"default","site-sidebar-style":"default","ast-global-header-display":"","ast-banner-title-visibility":"","ast-main-header-display":"","ast-hfb-above-header-display":"","ast-hfb-below-header-display":"","ast-hfb-mobile-header-display":"","site-post-title":"disabled","ast-breadcrumbs-content":"","ast-featured-img":"disabled","footer-sml-layout":"","ast-disable-related-posts":"","theme-transparent-header-meta":"","adv-header-id-meta":"","stick-header-meta":"","header-above-stick-meta":"","header-main-stick-meta":"","header-below-stick-meta":"","astra-migrate-meta-layouts":"default","ast-page-background-enabled":"default","ast-page-background-meta":{"desktop":{"background-color":"var(--ast-global-color-4)","background-image":"","background-repeat":"repeat","background-position":"center center","background-size":"auto","background-attachment":"scroll","background-type":"","background-media":"","overlay-type":"","overlay-color":"","overlay-opacity":"","overlay-gradient":""},"tablet":{"background-color":"","background-image":"","background-repeat":"repeat","background-position":"center center","background-size":"auto","background-attachment":"scroll","background-type":"","background-media":"","overlay-type":"","overlay-color":"","overlay-opacity":"","overlay-gradient":""},"mobile":{"background-color":"","background-image":"","background-repeat":"repeat","background-position":"center center","background-size":"auto","background-attachment":"scroll","background-type":"","background-media":"","overlay-type":"","overlay-color":"","overlay-opacity":"","overlay-gradient":""}},"ast-content-background-meta":{"desktop":{"background-color":"var(--ast-global-color-5)","background-image":"","background-repeat":"repeat","background-position":"center center","background-size":"auto","background-attachment":"scroll","background-type":"","background-media":"","overlay-type":"","overlay-color":"","overlay-opacity":"","overlay-gradient":""},"tablet":{"background-color":"var(--ast-global-color-5)","background-image":"","background-repeat":"repeat","background-position":"center center","background-size":"auto","background-attachment":"scroll","background-type":"","background-media":"","overlay-type":"","overlay-color":"","overlay-opacity":"","overlay-gradient":""},"mobile":{"background-color":"var(--ast-global-color-5)","background-image":"","background-repeat":"repeat","background-position":"center center","background-size":"auto","background-attachment":"scroll","background-type":"","background-media":"","overlay-type":"","overlay-color":"","overlay-opacity":"","overlay-gradient":""}},"footnotes":""},"class_list":["post-2949","page","type-page","status-publish","hentry"],"_links":{"self":[{"href":"https:\/\/bendicionyesperanza.es\/index.php?rest_route=\/wp\/v2\/pages\/2949","targetHints":{"allow":["GET"]}}],"collection":[{"href":"https:\/\/bendicionyesperanza.es\/index.php?rest_route=\/wp\/v2\/pages"}],"about":[{"href":"https:\/\/bendicionyesperanza.es\/index.php?rest_route=\/wp\/v2\/types\/page"}],"author":[{"embeddable":true,"href":"https:\/\/bendicionyesperanza.es\/index.php?rest_route=\/wp\/v2\/users\/1"}],"replies":[{"embeddable":true,"href":"https:\/\/bendicionyesperanza.es\/index.php?rest_route=%2Fwp%2Fv2%2Fcomments&post=2949"}],"version-history":[{"count":10,"href":"https:\/\/bendicionyesperanza.es\/index.php?rest_route=\/wp\/v2\/pages\/2949\/revisions"}],"predecessor-version":[{"id":3283,"href":"https:\/\/bendicionyesperanza.es\/index.php?rest_route=\/wp\/v2\/pages\/2949\/revisions\/3283"}],"wp:attachment":[{"href":"https:\/\/bendicionyesperanza.es\/index.php?rest_route=%2Fwp%2Fv2%2Fmedia&parent=2949"}],"curies":[{"name":"wp","href":"https:\/\/api.w.org\/{rel}","templated":true}]}}