{"id":78,"date":"2024-11-12T09:59:56","date_gmt":"2024-11-12T09:59:56","guid":{"rendered":"https:\/\/fpbonline.es\/marcos\/?page_id=78"},"modified":"2024-12-14T23:53:23","modified_gmt":"2024-12-14T23:53:23","slug":"historia","status":"publish","type":"page","link":"https:\/\/bendicionyesperanza.es\/?page_id=78","title":{"rendered":"Historia"},"content":{"rendered":"\t\t<div data-elementor-type=\"wp-page\" data-elementor-id=\"78\" class=\"elementor elementor-78\" data-elementor-post-type=\"page\">\n\t\t\t\t\t\t<section class=\"elementor-section elementor-top-section elementor-element elementor-element-f7e1c90 elementor-section-boxed elementor-section-height-default elementor-section-height-default\" data-id=\"f7e1c90\" data-element_type=\"section\" data-e-type=\"section\" data-settings=\"{&quot;background_background&quot;:&quot;classic&quot;}\">\n\t\t\t\t\t\t\t<div class=\"elementor-background-overlay\"><\/div>\n\t\t\t\t\t\t\t<div class=\"elementor-container elementor-column-gap-no\">\n\t\t\t\t\t<div class=\"elementor-column elementor-col-100 elementor-top-column elementor-element elementor-element-6cae8c4\" data-id=\"6cae8c4\" data-element_type=\"column\" data-e-type=\"column\">\n\t\t\t<div class=\"elementor-widget-wrap elementor-element-populated\">\n\t\t\t\t\t\t<div class=\"elementor-element elementor-element-9429241 elementor-invisible elementor-widget elementor-widget-heading\" data-id=\"9429241\" data-element_type=\"widget\" data-e-type=\"widget\" data-settings=\"{&quot;_animation&quot;:&quot;fadeInDown&quot;}\" data-widget_type=\"heading.default\">\n\t\t\t\t\t<h2 class=\"elementor-heading-title elementor-size-default\">Historia de la Hermandad<\/h2>\t\t\t\t<\/div>\n\t\t\t\t\t<\/div>\n\t\t<\/div>\n\t\t\t\t\t<\/div>\n\t\t<\/section>\n\t\t<div class=\"elementor-element elementor-element-f0f91ea e-con-full e-flex e-con e-parent\" data-id=\"f0f91ea\" data-element_type=\"container\" data-e-type=\"container\" data-settings=\"{&quot;background_background&quot;:&quot;slideshow&quot;,&quot;background_slideshow_gallery&quot;:[],&quot;background_slideshow_loop&quot;:&quot;yes&quot;,&quot;background_slideshow_slide_duration&quot;:5000,&quot;background_slideshow_slide_transition&quot;:&quot;fade&quot;,&quot;background_slideshow_transition_duration&quot;:500}\">\n\t\t\t\t<div class=\"elementor-element elementor-element-d737b9d elementor-widget elementor-widget-text-editor\" data-id=\"d737b9d\" data-element_type=\"widget\" data-e-type=\"widget\" data-widget_type=\"text-editor.default\">\n\t\t\t\t\t\t\t\t\t<p><span style=\"color: #000000;\"><strong>El domingo 21 de febrero de 2010<\/strong> marc\u00f3 un d\u00eda hist\u00f3rico para el Pol\u00edgono Sur, cuando fueron bendecidas las im\u00e1genes titulares de Nuestro Padre Jes\u00fas en el Santo Encuentro y de Santa Mar\u00eda Esperanza en su Soledad. La ceremonia tuvo lugar en la parroquia de Jes\u00fas Obrero, en el barrio del Pol\u00edgono Sur, y cont\u00f3 con la presencia de numerosos fieles. Estas im\u00e1genes, junto con las secundarias, son obra del imaginero Don Juan Antonio Ramos Blanco y fueron bendecidas por Francisco Ruiz Mill\u00e1n, Provincial de la Inspector\u00eda Salesiana de Mar\u00eda Auxiliadora de Sevilla.<\/span><\/p><p style=\"text-align: justify;\"><span style=\"color: #000000;\"><strong>En 1992<\/strong> comienzan los or\u00edgenes de lo que hoy conocemos como Bendici\u00f3n y Esperanza, con una Cruz de Mayo organizada por j\u00f3venes del Pol\u00edgono Sur, algunos de los cuales contin\u00faan vinculados a la corporaci\u00f3n.<\/span><\/p><p style=\"text-align: justify;\"><span style=\"color: #000000;\"><strong>En 2000<\/strong>, un grupo de feligreses de la parroquia decide formar una comunidad cuyo objetivo es fundar una Hermandad de Penitencia en el Pol\u00edgono Sur, concebida como una plataforma evangelizadora para la zona. Su labor se centra en fortalecer los grupos pastorales existentes, crear nuevos y basar su misi\u00f3n en tres pilares fundamentales: caridad, culto y formaci\u00f3n.<\/span><\/p><p style=\"text-align: justify;\"><span style=\"color: #000000;\"><strong>En 2004<\/strong>, este grupo creciente comunica a Palacio su intenci\u00f3n de constituirse formalmente, mientras que en 2005 el Delegado Diocesano de Hermandades y Cofrad\u00edas establece, junto con el p\u00e1rroco, una hoja de ruta a seguir seg\u00fan las Normas Diocesanas. Ese mismo a\u00f1o se erige como Asociaci\u00f3n de Fieles.<\/span><\/p><p style=\"text-align: justify;\"><span style=\"color: #000000;\"><strong>En 2006<\/strong>, con el informe favorable del Consejo Pastoral, se solicit\u00f3 la apertura de un expediente en la Delegaci\u00f3n Diocesana para dar paso a los tr\u00e1mites de Agrupaci\u00f3n Parroquial. En 2008, el imaginero Juan Antonio Blanco Ramos presenta los bocetos de Nuestro Padre Jes\u00fas de la Bendici\u00f3n en el Santo Encuentro y Santa Mar\u00eda de la Esperanza en su Soledad, que representan la Cuarta Estaci\u00f3n, cuando Jes\u00fas se encuentra con su Madre.<\/span><\/p><p style=\"text-align: justify;\"><span style=\"color: #000000;\"><strong>En 2009<\/strong>, el Consejo Art\u00edstico de Patrimonio aprueba la realizaci\u00f3n de las im\u00e1genes, y el 21 de febrero de 2010 se bendicen las tallas titulares en una ceremonia solemne. Ese mismo a\u00f1o, el 20 de marzo, tiene lugar la primera salida procesional de Bendici\u00f3n y Esperanza, con Jos\u00e9 Antonio Gonz\u00e1lez Sousa como capataz y el acompa\u00f1amiento musical de la Agrupaci\u00f3n Musical Virgen de los Reyes.<\/span><\/p><p style=\"text-align: justify;\"><span style=\"color: #000000;\"><strong>En 2011<\/strong>, el 2 de abril, se presentan las im\u00e1genes secundarias del paso de misterio: dos centuriones romanos, un relator jud\u00edo, Mar\u00eda Magdalena y San Juan Evangelista. Al a\u00f1o siguiente, el 5 de octubre de 2012, la parroquia, a trav\u00e9s del Grupo Parroquial Sal y Luz, recibe el decreto por el cual la Archidi\u00f3cesis de Sevilla concede el t\u00edtulo de Agrupaci\u00f3n Parroquial bajo el nombre de Nuestro Padre Jes\u00fas de la Bendici\u00f3n en el Santo Encuentro y Mar\u00eda Sant\u00edsima de la Esperanza en su Soledad (Sal y Luz).<\/span><\/p><p style=\"text-align: justify;\"><span style=\"color: #000000;\"><strong>En 2020,<\/strong> el s\u00e1bado 22 de febrero, se celebra el X aniversario de Bendici\u00f3n y Esperanza con diversos actos conmemorativos.<\/span><\/p><p style=\"text-align: justify;\"><span style=\"color: #000000;\"><strong>El 8 de abril de 2022,<\/strong> Viernes de Dolores, se presentan importantes estrenos: parihuela y respiraderos adquiridos a la Hermandad de la Redenci\u00f3n, faldones y capas romanas donadas por los Armaos de la Hermandad del Gran Poder de la Calle Real. Durante la procesi\u00f3n, por primera vez, el paso de misterio visita la Parroquia de Nuestra Se\u00f1ora de la Oliva.<\/span><\/p><p style=\"text-align: justify;\"><span style=\"color: #000000;\"><strong>En 2023,<\/strong> el 12 de marzo, se aprueban en Cabildo Extraordinario las futuras reglas de la Hermandad, quedando a la espera de la confirmaci\u00f3n por parte del Palacio Arzobispal.<\/span><\/p><p style=\"text-align: justify;\"><span style=\"color: #000000;\"><strong>En 2024,<\/strong> el Viernes de Dolores, 22 de marzo, se llevar\u00e1 a cabo la presentaci\u00f3n en la Hermandad de Santa Genoveva, en la Parroquia de Nuestra Se\u00f1ora de las Mercedes y Santa Genoveva.<\/span><\/p>\t\t\t\t\t\t\t\t<\/div>\n\t\t\t\t<\/div>\n\t\t\t\t<\/div>\n\t\t","protected":false},"excerpt":{"rendered":"<p>Historia de la Hermandad El domingo 21 de febrero de 2010 marc\u00f3 un d\u00eda hist\u00f3rico para el Pol\u00edgono Sur, cuando [&hellip;]<\/p>\n","protected":false},"author":1,"featured_media":0,"parent":0,"menu_order":0,"comment_status":"closed","ping_status":"closed","template":"elementor_header_footer","meta":{"site-sidebar-layout":"no-sidebar","site-content-layout":"","ast-site-content-layout":"full-width-container","site-content-style":"default","site-sidebar-style":"default","ast-global-header-display":"","ast-banner-title-visibility":"","ast-main-header-display":"","ast-hfb-above-header-display":"","ast-hfb-below-header-display":"","ast-hfb-mobile-header-display":"","site-post-title":"disabled","ast-breadcrumbs-content":"","ast-featured-img":"disabled","footer-sml-layout":"","ast-disable-related-posts":"","theme-transparent-header-meta":"","adv-header-id-meta":"","stick-header-meta":"","header-above-stick-meta":"","header-main-stick-meta":"","header-below-stick-meta":"","astra-migrate-meta-layouts":"default","ast-page-background-enabled":"default","ast-page-background-meta":{"desktop":{"background-color":"var(--ast-global-color-4)","background-image":"","background-repeat":"repeat","background-position":"center center","background-size":"auto","background-attachment":"scroll","background-type":"","background-media":"","overlay-type":"","overlay-color":"","overlay-opacity":"","overlay-gradient":""},"tablet":{"background-color":"","background-image":"","background-repeat":"repeat","background-position":"center center","background-size":"auto","background-attachment":"scroll","background-type":"","background-media":"","overlay-type":"","overlay-color":"","overlay-opacity":"","overlay-gradient":""},"mobile":{"background-color":"","background-image":"","background-repeat":"repeat","background-position":"center center","background-size":"auto","background-attachment":"scroll","background-type":"","background-media":"","overlay-type":"","overlay-color":"","overlay-opacity":"","overlay-gradient":""}},"ast-content-background-meta":{"desktop":{"background-color":"var(--ast-global-color-5)","background-image":"","background-repeat":"repeat","background-position":"center center","background-size":"auto","background-attachment":"scroll","background-type":"","background-media":"","overlay-type":"","overlay-color":"","overlay-opacity":"","overlay-gradient":""},"tablet":{"background-color":"var(--ast-global-color-5)","background-image":"","background-repeat":"repeat","background-position":"center center","background-size":"auto","background-attachment":"scroll","background-type":"","background-media":"","overlay-type":"","overlay-color":"","overlay-opacity":"","overlay-gradient":""},"mobile":{"background-color":"var(--ast-global-color-5)","background-image":"","background-repeat":"repeat","background-position":"center center","background-size":"auto","background-attachment":"scroll","background-type":"","background-media":"","overlay-type":"","overlay-color":"","overlay-opacity":"","overlay-gradient":""}},"footnotes":""},"class_list":["post-78","page","type-page","status-publish","hentry"],"_links":{"self":[{"href":"https:\/\/bendicionyesperanza.es\/index.php?rest_route=\/wp\/v2\/pages\/78","targetHints":{"allow":["GET"]}}],"collection":[{"href":"https:\/\/bendicionyesperanza.es\/index.php?rest_route=\/wp\/v2\/pages"}],"about":[{"href":"https:\/\/bendicionyesperanza.es\/index.php?rest_route=\/wp\/v2\/types\/page"}],"author":[{"embeddable":true,"href":"https:\/\/bendicionyesperanza.es\/index.php?rest_route=\/wp\/v2\/users\/1"}],"replies":[{"embeddable":true,"href":"https:\/\/bendicionyesperanza.es\/index.php?rest_route=%2Fwp%2Fv2%2Fcomments&post=78"}],"version-history":[{"count":70,"href":"https:\/\/bendicionyesperanza.es\/index.php?rest_route=\/wp\/v2\/pages\/78\/revisions"}],"predecessor-version":[{"id":2625,"href":"https:\/\/bendicionyesperanza.es\/index.php?rest_route=\/wp\/v2\/pages\/78\/revisions\/2625"}],"wp:attachment":[{"href":"https:\/\/bendicionyesperanza.es\/index.php?rest_route=%2Fwp%2Fv2%2Fmedia&parent=78"}],"curies":[{"name":"wp","href":"https:\/\/api.w.org\/{rel}","templated":true}]}}